{"id":10894,"date":"2026-09-02T08:28:48","date_gmt":"2026-09-02T08:28:48","guid":{"rendered":"https:\/\/onurbegrup.com\/propiedad\/onurbe-grup-local-en-venta-en-raval-2\/"},"modified":"2026-09-02T08:43:42","modified_gmt":"2026-09-02T08:43:42","slug":"onurbe-grup-local-en-venta-en-raval-2","status":"publish","type":"propiedad","link":"https:\/\/onurbegrup.com\/en\/propiedad\/onurbe-grup-local-en-venta-en-raval-2\/","title":{"rendered":"ONURBE GRUP | LOCAL EN VENTA EN RAVAL"},"content":{"rendered":"<p>Local comercial reformado con espacio acondicionado para vivir en Nou de la RamblaExcelente oportunidad de inversi\u00f3n en una de las zonas con mayor proyecci\u00f3n de Barcelona.Se ofrece local comercial totalmente reformado, con una superficie de 63 m\u00b2, distribuido de forma funcional y vers\u00e1til. La planta principal dispone de zona comercial, almac\u00e9n y ba\u00f1o propio, lista para desarrollar una actividad profesional o comercial.En la primera planta, el inmueble ha sido acondicionado para el d\u00eda a d\u00eda, ofreciendo un espacio di\u00e1fano y confortable compuesto por un amplio sal\u00f3n con cocina integrada y comedor, una habitaci\u00f3n de generosas dimensiones y un ba\u00f1o completo, creando un ambiente moderno y muy acogedor.Adem\u00e1s, cuenta con un s\u00f3tano reformado de 18 m\u00b2, ideal como espacio de almacenamiento adicional, despacho, estudio o zona polivalente.Caracter\u00edsticas destacadas\u2022\tLocal comercial completamente reformado.\u2022 63 m\u00b2 construidos m\u00e1s s\u00f3tano de 18 m\u00b2.\u2022\tAlmac\u00e9n y ba\u00f1o en la planta comercial.\u2022\tPlanta superior acondicionada con sal\u00f3n, cocina-comedor, dormitorio amplio y ba\u00f1o completo.\u2022\tEspacios modernos y listos para entrar.\u2022\tDistribuci\u00f3n muy vers\u00e1til, ideal para combinar actividad profesional con zona de uso privado (siempre conforme a la normativa vigente).Ubicado en Nou de la Rambla, una calle emblem\u00e1tica del barrio del Raval, a pocos minutos de Las Ramblas, el Puerto de Barcelona y la estaci\u00f3n de Paral\u00b7lel, rodeado de comercios, servicios y excelentes comunicaciones mediante transporte p\u00fablico.Una propiedad con m\u00faltiples posibilidades, perfecta tanto para inversores como para profesionales que buscan un espacio singular en una ubicaci\u00f3n estrat\u00e9gica de Barcelona.No dude en solicitar m\u00e1s informaci\u00f3n o concertar una visita.<\/p>\n","protected":false},"featured_media":10861,"template":"","meta":{"_acf_changed":false,"_joinchat":[]},"operacion":[105],"poblacion":[106],"subzona":[231],"tipo-de-inmueble":[178],"zona":[226],"class_list":["post-10894","propiedad","type-propiedad","status-publish","has-post-thumbnail","hentry","operacion-venta","poblacion-barcelona","subzona-raval","tipo-de-inmueble-locals-comercials","zona-ciutat-vella","entry","has-media"],"acf":[],"yoast_head":"<!-- This site is optimized with the Yoast SEO plugin v27.9 - https:\/\/yoast.com\/product\/yoast-seo-wordpress\/ -->\n<title>ONURBE GRUP | LOCAL EN VENTA EN RAVAL - On Urbe<\/title>\n<meta name=\"robots\" content=\"index, follow, max-snippet:-1, max-image-preview:large, max-video-preview:-1\" \/>\n<link rel=\"canonical\" href=\"https:\/\/onurbegrup.com\/en\/propiedad\/onurbe-grup-local-en-venta-en-raval-2\/\" \/>\n<meta property=\"og:locale\" content=\"en_US\" \/>\n<meta property=\"og:type\" content=\"article\" \/>\n<meta property=\"og:title\" content=\"ONURBE GRUP | LOCAL EN VENTA EN RAVAL - On Urbe\" \/>\n<meta property=\"og:description\" content=\"Local comercial reformado con espacio acondicionado para vivir en Nou de la RamblaExcelente oportunidad de inversi\u00f3n en una de las zonas con mayor proyecci\u00f3n de Barcelona.Se ofrece local comercial totalmente reformado, con una superficie de 63 m\u00b2, distribuido de forma funcional y vers\u00e1til. La planta principal dispone de zona comercial, almac\u00e9n y ba\u00f1o propio, lista&hellip;\" \/>\n<meta property=\"og:url\" content=\"https:\/\/onurbegrup.com\/en\/propiedad\/onurbe-grup-local-en-venta-en-raval-2\/\" \/>\n<meta property=\"og:site_name\" content=\"On Urbe\" \/>\n<meta property=\"article:modified_time\" content=\"2026-09-02T08:43:42+00:00\" \/>\n<meta property=\"og:image\" content=\"https:\/\/onurbegrup.com\/wp-content\/uploads\/2026\/09\/27570525.jpg\" \/>\n\t<meta property=\"og:image:width\" content=\"1600\" \/>\n\t<meta property=\"og:image:height\" content=\"1200\" \/>\n\t<meta property=\"og:image:type\" content=\"image\/jpeg\" \/>\n<meta name=\"twitter:card\" content=\"summary_large_image\" \/>\n<meta name=\"twitter:label1\" content=\"Est. reading time\" \/>\n\t<meta name=\"twitter:data1\" content=\"1 minute\" \/>\n<script type=\"application\/ld+json\" class=\"yoast-schema-graph\">{\"@context\":\"https:\\\/\\\/schema.org\",\"@graph\":[{\"@type\":\"WebPage\",\"@id\":\"https:\\\/\\\/onurbegrup.com\\\/en\\\/propiedad\\\/onurbe-grup-local-en-venta-en-raval-2\\\/\",\"url\":\"https:\\\/\\\/onurbegrup.com\\\/en\\\/propiedad\\\/onurbe-grup-local-en-venta-en-raval-2\\\/\",\"name\":\"ONURBE GRUP | LOCAL EN VENTA EN RAVAL - On Urbe\",\"isPartOf\":{\"@id\":\"https:\\\/\\\/onurbegrup.com\\\/#website\"},\"primaryImageOfPage\":{\"@id\":\"https:\\\/\\\/onurbegrup.com\\\/en\\\/propiedad\\\/onurbe-grup-local-en-venta-en-raval-2\\\/#primaryimage\"},\"image\":{\"@id\":\"https:\\\/\\\/onurbegrup.com\\\/en\\\/propiedad\\\/onurbe-grup-local-en-venta-en-raval-2\\\/#primaryimage\"},\"thumbnailUrl\":\"https:\\\/\\\/onurbegrup.com\\\/wp-content\\\/uploads\\\/2026\\\/09\\\/27570525.jpg\",\"datePublished\":\"2026-09-02T08:28:48+00:00\",\"dateModified\":\"2026-09-02T08:43:42+00:00\",\"breadcrumb\":{\"@id\":\"https:\\\/\\\/onurbegrup.com\\\/en\\\/propiedad\\\/onurbe-grup-local-en-venta-en-raval-2\\\/#breadcrumb\"},\"inLanguage\":\"en-US\",\"potentialAction\":[{\"@type\":\"ReadAction\",\"target\":[\"https:\\\/\\\/onurbegrup.com\\\/en\\\/propiedad\\\/onurbe-grup-local-en-venta-en-raval-2\\\/\"]}]},{\"@type\":\"ImageObject\",\"inLanguage\":\"en-US\",\"@id\":\"https:\\\/\\\/onurbegrup.com\\\/en\\\/propiedad\\\/onurbe-grup-local-en-venta-en-raval-2\\\/#primaryimage\",\"url\":\"https:\\\/\\\/onurbegrup.com\\\/wp-content\\\/uploads\\\/2026\\\/09\\\/27570525.jpg\",\"contentUrl\":\"https:\\\/\\\/onurbegrup.com\\\/wp-content\\\/uploads\\\/2026\\\/09\\\/27570525.jpg\",\"width\":1600,\"height\":1200},{\"@type\":\"BreadcrumbList\",\"@id\":\"https:\\\/\\\/onurbegrup.com\\\/en\\\/propiedad\\\/onurbe-grup-local-en-venta-en-raval-2\\\/#breadcrumb\",\"itemListElement\":[{\"@type\":\"ListItem\",\"position\":1,\"name\":\"Home\",\"item\":\"https:\\\/\\\/onurbegrup.com\\\/en\\\/\"},{\"@type\":\"ListItem\",\"position\":2,\"name\":\"Propiedades\",\"item\":\"https:\\\/\\\/onurbegrup.com\\\/propiedades\\\/\"},{\"@type\":\"ListItem\",\"position\":3,\"name\":\"ONURBE GRUP | LOCAL EN VENTA EN RAVAL\"}]},{\"@type\":\"WebSite\",\"@id\":\"https:\\\/\\\/onurbegrup.com\\\/#website\",\"url\":\"https:\\\/\\\/onurbegrup.com\\\/\",\"name\":\"On Urbe\",\"description\":\"Grup immobiliari\",\"publisher\":{\"@id\":\"https:\\\/\\\/onurbegrup.com\\\/#organization\"},\"potentialAction\":[{\"@type\":\"SearchAction\",\"target\":{\"@type\":\"EntryPoint\",\"urlTemplate\":\"https:\\\/\\\/onurbegrup.com\\\/?s={search_term_string}\"},\"query-input\":{\"@type\":\"PropertyValueSpecification\",\"valueRequired\":true,\"valueName\":\"search_term_string\"}}],\"inLanguage\":\"en-US\"},{\"@type\":\"Organization\",\"@id\":\"https:\\\/\\\/onurbegrup.com\\\/#organization\",\"name\":\"On Urbe\",\"url\":\"https:\\\/\\\/onurbegrup.com\\\/\",\"logo\":{\"@type\":\"ImageObject\",\"inLanguage\":\"en-US\",\"@id\":\"https:\\\/\\\/onurbegrup.com\\\/#\\\/schema\\\/logo\\\/image\\\/\",\"url\":\"https:\\\/\\\/onurbegrup.com\\\/wp-content\\\/uploads\\\/2026\\\/06\\\/logo.png\",\"contentUrl\":\"https:\\\/\\\/onurbegrup.com\\\/wp-content\\\/uploads\\\/2026\\\/06\\\/logo.png\",\"width\":988,\"height\":241,\"caption\":\"On Urbe\"},\"image\":{\"@id\":\"https:\\\/\\\/onurbegrup.com\\\/#\\\/schema\\\/logo\\\/image\\\/\"}}]}<\/script>\n<!-- \/ Yoast SEO plugin. -->","yoast_head_json":{"title":"ONURBE GRUP | LOCAL EN VENTA EN RAVAL - On Urbe","robots":{"index":"index","follow":"follow","max-snippet":"max-snippet:-1","max-image-preview":"max-image-preview:large","max-video-preview":"max-video-preview:-1"},"canonical":"https:\/\/onurbegrup.com\/en\/propiedad\/onurbe-grup-local-en-venta-en-raval-2\/","og_locale":"en_US","og_type":"article","og_title":"ONURBE GRUP | LOCAL EN VENTA EN RAVAL - On Urbe","og_description":"Local comercial reformado con espacio acondicionado para vivir en Nou de la RamblaExcelente oportunidad de inversi\u00f3n en una de las zonas con mayor proyecci\u00f3n de Barcelona.Se ofrece local comercial totalmente reformado, con una superficie de 63 m\u00b2, distribuido de forma funcional y vers\u00e1til. La planta principal dispone de zona comercial, almac\u00e9n y ba\u00f1o propio, lista&hellip;","og_url":"https:\/\/onurbegrup.com\/en\/propiedad\/onurbe-grup-local-en-venta-en-raval-2\/","og_site_name":"On Urbe","article_modified_time":"2026-09-02T08:43:42+00:00","og_image":[{"width":1600,"height":1200,"url":"https:\/\/onurbegrup.com\/wp-content\/uploads\/2026\/09\/27570525.jpg","type":"image\/jpeg"}],"twitter_card":"summary_large_image","twitter_misc":{"Est. reading time":"1 minute"},"schema":{"@context":"https:\/\/schema.org","@graph":[{"@type":"WebPage","@id":"https:\/\/onurbegrup.com\/en\/propiedad\/onurbe-grup-local-en-venta-en-raval-2\/","url":"https:\/\/onurbegrup.com\/en\/propiedad\/onurbe-grup-local-en-venta-en-raval-2\/","name":"ONURBE GRUP | LOCAL EN VENTA EN RAVAL - On Urbe","isPartOf":{"@id":"https:\/\/onurbegrup.com\/#website"},"primaryImageOfPage":{"@id":"https:\/\/onurbegrup.com\/en\/propiedad\/onurbe-grup-local-en-venta-en-raval-2\/#primaryimage"},"image":{"@id":"https:\/\/onurbegrup.com\/en\/propiedad\/onurbe-grup-local-en-venta-en-raval-2\/#primaryimage"},"thumbnailUrl":"https:\/\/onurbegrup.com\/wp-content\/uploads\/2026\/09\/27570525.jpg","datePublished":"2026-09-02T08:28:48+00:00","dateModified":"2026-09-02T08:43:42+00:00","breadcrumb":{"@id":"https:\/\/onurbegrup.com\/en\/propiedad\/onurbe-grup-local-en-venta-en-raval-2\/#breadcrumb"},"inLanguage":"en-US","potentialAction":[{"@type":"ReadAction","target":["https:\/\/onurbegrup.com\/en\/propiedad\/onurbe-grup-local-en-venta-en-raval-2\/"]}]},{"@type":"ImageObject","inLanguage":"en-US","@id":"https:\/\/onurbegrup.com\/en\/propiedad\/onurbe-grup-local-en-venta-en-raval-2\/#primaryimage","url":"https:\/\/onurbegrup.com\/wp-content\/uploads\/2026\/09\/27570525.jpg","contentUrl":"https:\/\/onurbegrup.com\/wp-content\/uploads\/2026\/09\/27570525.jpg","width":1600,"height":1200},{"@type":"BreadcrumbList","@id":"https:\/\/onurbegrup.com\/en\/propiedad\/onurbe-grup-local-en-venta-en-raval-2\/#breadcrumb","itemListElement":[{"@type":"ListItem","position":1,"name":"Home","item":"https:\/\/onurbegrup.com\/en\/"},{"@type":"ListItem","position":2,"name":"Propiedades","item":"https:\/\/onurbegrup.com\/propiedades\/"},{"@type":"ListItem","position":3,"name":"ONURBE GRUP | LOCAL EN VENTA EN RAVAL"}]},{"@type":"WebSite","@id":"https:\/\/onurbegrup.com\/#website","url":"https:\/\/onurbegrup.com\/","name":"On Urbe","description":"Grup immobiliari","publisher":{"@id":"https:\/\/onurbegrup.com\/#organization"},"potentialAction":[{"@type":"SearchAction","target":{"@type":"EntryPoint","urlTemplate":"https:\/\/onurbegrup.com\/?s={search_term_string}"},"query-input":{"@type":"PropertyValueSpecification","valueRequired":true,"valueName":"search_term_string"}}],"inLanguage":"en-US"},{"@type":"Organization","@id":"https:\/\/onurbegrup.com\/#organization","name":"On Urbe","url":"https:\/\/onurbegrup.com\/","logo":{"@type":"ImageObject","inLanguage":"en-US","@id":"https:\/\/onurbegrup.com\/#\/schema\/logo\/image\/","url":"https:\/\/onurbegrup.com\/wp-content\/uploads\/2026\/06\/logo.png","contentUrl":"https:\/\/onurbegrup.com\/wp-content\/uploads\/2026\/06\/logo.png","width":988,"height":241,"caption":"On Urbe"},"image":{"@id":"https:\/\/onurbegrup.com\/#\/schema\/logo\/image\/"}}]}},"_links":{"self":[{"href":"https:\/\/onurbegrup.com\/en\/wp-json\/wp\/v2\/propiedad\/10894","targetHints":{"allow":["GET"]}}],"collection":[{"href":"https:\/\/onurbegrup.com\/en\/wp-json\/wp\/v2\/propiedad"}],"about":[{"href":"https:\/\/onurbegrup.com\/en\/wp-json\/wp\/v2\/types\/propiedad"}],"wp:featuredmedia":[{"embeddable":true,"href":"https:\/\/onurbegrup.com\/en\/wp-json\/wp\/v2\/media\/10861"}],"wp:attachment":[{"href":"https:\/\/onurbegrup.com\/en\/wp-json\/wp\/v2\/media?parent=10894"}],"wp:term":[{"taxonomy":"operacion","embeddable":true,"href":"https:\/\/onurbegrup.com\/en\/wp-json\/wp\/v2\/operacion?post=10894"},{"taxonomy":"poblacion","embeddable":true,"href":"https:\/\/onurbegrup.com\/en\/wp-json\/wp\/v2\/poblacion?post=10894"},{"taxonomy":"subzona","embeddable":true,"href":"https:\/\/onurbegrup.com\/en\/wp-json\/wp\/v2\/subzona?post=10894"},{"taxonomy":"tipo-de-inmueble","embeddable":true,"href":"https:\/\/onurbegrup.com\/en\/wp-json\/wp\/v2\/tipo-de-inmueble?post=10894"},{"taxonomy":"zona","embeddable":true,"href":"https:\/\/onurbegrup.com\/en\/wp-json\/wp\/v2\/zona?post=10894"}],"curies":[{"name":"wp","href":"https:\/\/api.w.org\/{rel}","templated":true}]}}