{"id":8719,"date":"2026-07-03T16:09:40","date_gmt":"2026-07-03T16:09:40","guid":{"rendered":"https:\/\/onurbegrup.com\/propiedad\/piso-amplio-con-balcon-y-vistas-a-la-sagrada-familia\/"},"modified":"2026-07-03T16:09:40","modified_gmt":"2026-07-03T16:09:40","slug":"piso-amplio-con-balcon-y-vistas-a-la-sagrada-familia","status":"publish","type":"propiedad","link":"https:\/\/onurbegrup.com\/en\/propiedad\/piso-amplio-con-balcon-y-vistas-a-la-sagrada-familia\/","title":{"rendered":"Piso amplio con balc\u00f3n y vistas a la Sagrada Familia"},"content":{"rendered":"<p>Piso de 150 m\u00b2 en una 6\u00aa planta real con ascensor de 5 dormitorios y 2 ba\u00f1os, con balc\u00f3n a calle con mucha luz natural en barrio Sagrada Familia! La vivienda est\u00e1 distribuida en 5 dormitorios amplios, cocina independiente de 11 m\u00b2, sal\u00f3n comedor de 25 m\u00b2 con acceso al balc\u00f3n con mucha luz natural, con vistas a la Sagrada Familia y 2 ba\u00f1os completos. El inmueble cuenta con m\u00faltiples posibilidades de distribuci\u00f3n, con opci\u00f3n de crear un sal\u00f3n con cocina americana de unos 47 m\u00b2, habitaci\u00f3n principal con ba\u00f1o en suite de 19 m\u00b2, 3 dormitorios amplios y un ba\u00f1o completo independiente. La ubicaci\u00f3n es ideal ya que est\u00e1 rodeada de comercios imprescindibles para el d\u00eda a d\u00eda como supermercados, restaurantes, bicing, farmacias, etc. Se encuentra a una calle de La Sagrada Familia comunicado por Linea 2 y Linea 5 de metro, paradas de buses y m\u00e1s<\/p>\n","protected":false},"featured_media":8720,"template":"","meta":{"_acf_changed":false,"_joinchat":[]},"operacion":[136],"poblacion":[157],"subzona":[],"tipo-de-inmueble":[142],"zona":[],"class_list":["post-8719","propiedad","type-propiedad","status-publish","has-post-thumbnail","hentry","operacion-sale","poblacion-sagrada-familia","tipo-de-inmueble-apartment","entry","has-media"],"acf":[],"yoast_head":"<!-- This site is optimized with the Yoast SEO plugin v27.9 - https:\/\/yoast.com\/product\/yoast-seo-wordpress\/ -->\n<title>Piso amplio con balc\u00f3n y vistas a la Sagrada Familia - On Urbe<\/title>\n<meta name=\"robots\" content=\"index, follow, max-snippet:-1, max-image-preview:large, max-video-preview:-1\" \/>\n<link rel=\"canonical\" href=\"https:\/\/onurbegrup.com\/en\/propiedad\/piso-amplio-con-balcon-y-vistas-a-la-sagrada-familia\/\" \/>\n<meta property=\"og:locale\" content=\"en_US\" \/>\n<meta property=\"og:type\" content=\"article\" \/>\n<meta property=\"og:title\" content=\"Piso amplio con balc\u00f3n y vistas a la Sagrada Familia - On Urbe\" \/>\n<meta property=\"og:description\" content=\"Piso de 150 m\u00b2 en una 6\u00aa planta real con ascensor de 5 dormitorios y 2 ba\u00f1os, con balc\u00f3n a calle con mucha luz natural en barrio Sagrada Familia! La vivienda est\u00e1 distribuida en 5 dormitorios amplios, cocina independiente de 11 m\u00b2, sal\u00f3n comedor de 25 m\u00b2 con acceso al balc\u00f3n con mucha luz natural,&hellip;\" \/>\n<meta property=\"og:url\" content=\"https:\/\/onurbegrup.com\/en\/propiedad\/piso-amplio-con-balcon-y-vistas-a-la-sagrada-familia\/\" \/>\n<meta property=\"og:site_name\" content=\"On Urbe\" \/>\n<meta name=\"twitter:card\" content=\"summary_large_image\" \/>\n<meta name=\"twitter:label1\" content=\"Est. reading time\" \/>\n\t<meta name=\"twitter:data1\" content=\"1 minute\" \/>\n<script type=\"application\/ld+json\" class=\"yoast-schema-graph\">{\"@context\":\"https:\\\/\\\/schema.org\",\"@graph\":[{\"@type\":\"WebPage\",\"@id\":\"https:\\\/\\\/onurbegrup.com\\\/en\\\/propiedad\\\/piso-amplio-con-balcon-y-vistas-a-la-sagrada-familia\\\/\",\"url\":\"https:\\\/\\\/onurbegrup.com\\\/en\\\/propiedad\\\/piso-amplio-con-balcon-y-vistas-a-la-sagrada-familia\\\/\",\"name\":\"Piso amplio con balc\u00f3n y vistas a la Sagrada Familia - On Urbe\",\"isPartOf\":{\"@id\":\"https:\\\/\\\/onurbegrup.com\\\/#website\"},\"primaryImageOfPage\":{\"@id\":\"https:\\\/\\\/onurbegrup.com\\\/en\\\/propiedad\\\/piso-amplio-con-balcon-y-vistas-a-la-sagrada-familia\\\/#primaryimage\"},\"image\":{\"@id\":\"https:\\\/\\\/onurbegrup.com\\\/en\\\/propiedad\\\/piso-amplio-con-balcon-y-vistas-a-la-sagrada-familia\\\/#primaryimage\"},\"thumbnailUrl\":\"https:\\\/\\\/onurbegrup.com\\\/wp-content\\\/uploads\\\/2026\\\/06\\\/piso-amplio-con-balcon-y-vistas-a-la-sagrada-familia-001-scaled.webp\",\"datePublished\":\"2026-07-03T16:09:40+00:00\",\"breadcrumb\":{\"@id\":\"https:\\\/\\\/onurbegrup.com\\\/en\\\/propiedad\\\/piso-amplio-con-balcon-y-vistas-a-la-sagrada-familia\\\/#breadcrumb\"},\"inLanguage\":\"en-US\",\"potentialAction\":[{\"@type\":\"ReadAction\",\"target\":[\"https:\\\/\\\/onurbegrup.com\\\/en\\\/propiedad\\\/piso-amplio-con-balcon-y-vistas-a-la-sagrada-familia\\\/\"]}]},{\"@type\":\"ImageObject\",\"inLanguage\":\"en-US\",\"@id\":\"https:\\\/\\\/onurbegrup.com\\\/en\\\/propiedad\\\/piso-amplio-con-balcon-y-vistas-a-la-sagrada-familia\\\/#primaryimage\",\"url\":\"https:\\\/\\\/onurbegrup.com\\\/wp-content\\\/uploads\\\/2026\\\/06\\\/piso-amplio-con-balcon-y-vistas-a-la-sagrada-familia-001-scaled.webp\",\"contentUrl\":\"https:\\\/\\\/onurbegrup.com\\\/wp-content\\\/uploads\\\/2026\\\/06\\\/piso-amplio-con-balcon-y-vistas-a-la-sagrada-familia-001-scaled.webp\",\"width\":2560,\"height\":1920},{\"@type\":\"BreadcrumbList\",\"@id\":\"https:\\\/\\\/onurbegrup.com\\\/en\\\/propiedad\\\/piso-amplio-con-balcon-y-vistas-a-la-sagrada-familia\\\/#breadcrumb\",\"itemListElement\":[{\"@type\":\"ListItem\",\"position\":1,\"name\":\"Home\",\"item\":\"https:\\\/\\\/onurbegrup.com\\\/en\\\/\"},{\"@type\":\"ListItem\",\"position\":2,\"name\":\"Propiedades\",\"item\":\"https:\\\/\\\/onurbegrup.com\\\/propiedades\\\/\"},{\"@type\":\"ListItem\",\"position\":3,\"name\":\"Piso amplio con balc\u00f3n y vistas a la&hellip;\"}]},{\"@type\":\"WebSite\",\"@id\":\"https:\\\/\\\/onurbegrup.com\\\/#website\",\"url\":\"https:\\\/\\\/onurbegrup.com\\\/\",\"name\":\"On Urbe\",\"description\":\"Grup immobiliari\",\"publisher\":{\"@id\":\"https:\\\/\\\/onurbegrup.com\\\/#organization\"},\"potentialAction\":[{\"@type\":\"SearchAction\",\"target\":{\"@type\":\"EntryPoint\",\"urlTemplate\":\"https:\\\/\\\/onurbegrup.com\\\/?s={search_term_string}\"},\"query-input\":{\"@type\":\"PropertyValueSpecification\",\"valueRequired\":true,\"valueName\":\"search_term_string\"}}],\"inLanguage\":\"en-US\"},{\"@type\":\"Organization\",\"@id\":\"https:\\\/\\\/onurbegrup.com\\\/#organization\",\"name\":\"On Urbe\",\"url\":\"https:\\\/\\\/onurbegrup.com\\\/\",\"logo\":{\"@type\":\"ImageObject\",\"inLanguage\":\"en-US\",\"@id\":\"https:\\\/\\\/onurbegrup.com\\\/#\\\/schema\\\/logo\\\/image\\\/\",\"url\":\"https:\\\/\\\/onurbegrup.com\\\/wp-content\\\/uploads\\\/2026\\\/06\\\/logo.png\",\"contentUrl\":\"https:\\\/\\\/onurbegrup.com\\\/wp-content\\\/uploads\\\/2026\\\/06\\\/logo.png\",\"width\":988,\"height\":241,\"caption\":\"On Urbe\"},\"image\":{\"@id\":\"https:\\\/\\\/onurbegrup.com\\\/#\\\/schema\\\/logo\\\/image\\\/\"}}]}<\/script>\n<!-- \/ Yoast SEO plugin. -->","yoast_head_json":{"title":"Piso amplio con balc\u00f3n y vistas a la Sagrada Familia - On Urbe","robots":{"index":"index","follow":"follow","max-snippet":"max-snippet:-1","max-image-preview":"max-image-preview:large","max-video-preview":"max-video-preview:-1"},"canonical":"https:\/\/onurbegrup.com\/en\/propiedad\/piso-amplio-con-balcon-y-vistas-a-la-sagrada-familia\/","og_locale":"en_US","og_type":"article","og_title":"Piso amplio con balc\u00f3n y vistas a la Sagrada Familia - On Urbe","og_description":"Piso de 150 m\u00b2 en una 6\u00aa planta real con ascensor de 5 dormitorios y 2 ba\u00f1os, con balc\u00f3n a calle con mucha luz natural en barrio Sagrada Familia! La vivienda est\u00e1 distribuida en 5 dormitorios amplios, cocina independiente de 11 m\u00b2, sal\u00f3n comedor de 25 m\u00b2 con acceso al balc\u00f3n con mucha luz natural,&hellip;","og_url":"https:\/\/onurbegrup.com\/en\/propiedad\/piso-amplio-con-balcon-y-vistas-a-la-sagrada-familia\/","og_site_name":"On Urbe","twitter_card":"summary_large_image","twitter_misc":{"Est. reading time":"1 minute"},"schema":{"@context":"https:\/\/schema.org","@graph":[{"@type":"WebPage","@id":"https:\/\/onurbegrup.com\/en\/propiedad\/piso-amplio-con-balcon-y-vistas-a-la-sagrada-familia\/","url":"https:\/\/onurbegrup.com\/en\/propiedad\/piso-amplio-con-balcon-y-vistas-a-la-sagrada-familia\/","name":"Piso amplio con balc\u00f3n y vistas a la Sagrada Familia - On Urbe","isPartOf":{"@id":"https:\/\/onurbegrup.com\/#website"},"primaryImageOfPage":{"@id":"https:\/\/onurbegrup.com\/en\/propiedad\/piso-amplio-con-balcon-y-vistas-a-la-sagrada-familia\/#primaryimage"},"image":{"@id":"https:\/\/onurbegrup.com\/en\/propiedad\/piso-amplio-con-balcon-y-vistas-a-la-sagrada-familia\/#primaryimage"},"thumbnailUrl":"https:\/\/onurbegrup.com\/wp-content\/uploads\/2026\/06\/piso-amplio-con-balcon-y-vistas-a-la-sagrada-familia-001-scaled.webp","datePublished":"2026-07-03T16:09:40+00:00","breadcrumb":{"@id":"https:\/\/onurbegrup.com\/en\/propiedad\/piso-amplio-con-balcon-y-vistas-a-la-sagrada-familia\/#breadcrumb"},"inLanguage":"en-US","potentialAction":[{"@type":"ReadAction","target":["https:\/\/onurbegrup.com\/en\/propiedad\/piso-amplio-con-balcon-y-vistas-a-la-sagrada-familia\/"]}]},{"@type":"ImageObject","inLanguage":"en-US","@id":"https:\/\/onurbegrup.com\/en\/propiedad\/piso-amplio-con-balcon-y-vistas-a-la-sagrada-familia\/#primaryimage","url":"https:\/\/onurbegrup.com\/wp-content\/uploads\/2026\/06\/piso-amplio-con-balcon-y-vistas-a-la-sagrada-familia-001-scaled.webp","contentUrl":"https:\/\/onurbegrup.com\/wp-content\/uploads\/2026\/06\/piso-amplio-con-balcon-y-vistas-a-la-sagrada-familia-001-scaled.webp","width":2560,"height":1920},{"@type":"BreadcrumbList","@id":"https:\/\/onurbegrup.com\/en\/propiedad\/piso-amplio-con-balcon-y-vistas-a-la-sagrada-familia\/#breadcrumb","itemListElement":[{"@type":"ListItem","position":1,"name":"Home","item":"https:\/\/onurbegrup.com\/en\/"},{"@type":"ListItem","position":2,"name":"Propiedades","item":"https:\/\/onurbegrup.com\/propiedades\/"},{"@type":"ListItem","position":3,"name":"Piso amplio con balc\u00f3n y vistas a la&hellip;"}]},{"@type":"WebSite","@id":"https:\/\/onurbegrup.com\/#website","url":"https:\/\/onurbegrup.com\/","name":"On Urbe","description":"Grup immobiliari","publisher":{"@id":"https:\/\/onurbegrup.com\/#organization"},"potentialAction":[{"@type":"SearchAction","target":{"@type":"EntryPoint","urlTemplate":"https:\/\/onurbegrup.com\/?s={search_term_string}"},"query-input":{"@type":"PropertyValueSpecification","valueRequired":true,"valueName":"search_term_string"}}],"inLanguage":"en-US"},{"@type":"Organization","@id":"https:\/\/onurbegrup.com\/#organization","name":"On Urbe","url":"https:\/\/onurbegrup.com\/","logo":{"@type":"ImageObject","inLanguage":"en-US","@id":"https:\/\/onurbegrup.com\/#\/schema\/logo\/image\/","url":"https:\/\/onurbegrup.com\/wp-content\/uploads\/2026\/06\/logo.png","contentUrl":"https:\/\/onurbegrup.com\/wp-content\/uploads\/2026\/06\/logo.png","width":988,"height":241,"caption":"On Urbe"},"image":{"@id":"https:\/\/onurbegrup.com\/#\/schema\/logo\/image\/"}}]}},"_links":{"self":[{"href":"https:\/\/onurbegrup.com\/en\/wp-json\/wp\/v2\/propiedad\/8719","targetHints":{"allow":["GET"]}}],"collection":[{"href":"https:\/\/onurbegrup.com\/en\/wp-json\/wp\/v2\/propiedad"}],"about":[{"href":"https:\/\/onurbegrup.com\/en\/wp-json\/wp\/v2\/types\/propiedad"}],"wp:featuredmedia":[{"embeddable":true,"href":"https:\/\/onurbegrup.com\/en\/wp-json\/wp\/v2\/media\/8720"}],"wp:attachment":[{"href":"https:\/\/onurbegrup.com\/en\/wp-json\/wp\/v2\/media?parent=8719"}],"wp:term":[{"taxonomy":"operacion","embeddable":true,"href":"https:\/\/onurbegrup.com\/en\/wp-json\/wp\/v2\/operacion?post=8719"},{"taxonomy":"poblacion","embeddable":true,"href":"https:\/\/onurbegrup.com\/en\/wp-json\/wp\/v2\/poblacion?post=8719"},{"taxonomy":"subzona","embeddable":true,"href":"https:\/\/onurbegrup.com\/en\/wp-json\/wp\/v2\/subzona?post=8719"},{"taxonomy":"tipo-de-inmueble","embeddable":true,"href":"https:\/\/onurbegrup.com\/en\/wp-json\/wp\/v2\/tipo-de-inmueble?post=8719"},{"taxonomy":"zona","embeddable":true,"href":"https:\/\/onurbegrup.com\/en\/wp-json\/wp\/v2\/zona?post=8719"}],"curies":[{"name":"wp","href":"https:\/\/api.w.org\/{rel}","templated":true}]}}