{"id":7935,"date":"2023-06-07T09:56:34","date_gmt":"2023-06-07T09:56:34","guid":{"rendered":"https:\/\/onurbegrup.com\/politica-de-privacitat\/"},"modified":"2026-08-14T10:11:07","modified_gmt":"2026-08-14T10:11:07","slug":"politica-de-privacitat","status":"publish","type":"page","link":"https:\/\/onurbegrup.com\/es\/politica-de-privacitat\/","title":{"rendered":"Pol\u00edtica de privacidad"},"content":{"rendered":"<div class=\"wpb-content-wrapper\">[vc_row remove_bottom_col_margin=\u00bbtrue\u00bb css=\u00bb.vc_custom_1776073372189{padding-top: 60px !important;padding-bottom: 80px !important;}\u00bb][vc_column][vc_column_text css=\u00bb\u00bb]\n<h2>POL\u00cdTICA DE PRIVACIDAD Y PROTECCI\u00d3N DE DATOS<\/h2>\n<p>En cumplimiento del Reglamento (UE) 2016\/679 del Parlamento Europeo y del Consejo, de 27 de abril de 2016, relativo a la protecci\u00f3n de las personas f\u00edsicas en lo que respecta al tratamiento de datos personales, por el que se deroga la Directiva 95\/46\/CE (en adelante, RGPD), de la Ley 34\/2002, de 11 de julio, de servicios de la sociedad de la informaci\u00f3n y comercio electr\u00f3nico (en adelante, LSSI-CE), y de la Ley Org\u00e1nica 3\/2018, de Protecci\u00f3n de Datos Personales y garant\u00eda de los derechos digitales (en adelante, LOPDGDD), el sitio web garantiza la protecci\u00f3n y confidencialidad de los datos personales de cualquier tipo que nos proporcionen nuestros clientes, de acuerdo con lo dispuesto en el Reglamento General de Protecci\u00f3n de Datos.<\/p>\n<p>Los datos facilitados ser\u00e1n tratados en los t\u00e9rminos establecidos en el RGPD. A tal efecto, el sitio web ha adoptado los niveles de protecci\u00f3n legalmente exigidos y ha implantado todas las medidas t\u00e9cnicas a su alcance para evitar la p\u00e9rdida, el uso indebido, la alteraci\u00f3n y el acceso no autorizado por terceros. No obstante, el usuario debe ser consciente de que las medidas de seguridad en Internet no son inexpugnables.<\/p>\n<p><strong>Responsable del tratamiento<\/strong><br \/>\nNombre del titular: LA NOVA ESQUERRA MAR S.L.U<br \/>\nDomicilio social: C\/Arag\u00f3, 69 Local 2 &#8211; 08015 Barcelona<br \/>\nC.I.F.: B67116863<br \/>\nTel\u00e9fono de contacto: +34 644 749 119<br \/>\nCorreo electr\u00f3nico: info@onurbegrup.com<\/p>\n<p><strong>Finalidad del tratamiento<\/strong><br \/>\nTodos los datos facilitados por nuestros clientes y\/o visitantes a trav\u00e9s del sitio web o a su personal se incluir\u00e1n en un registro de actividades de tratamiento de datos personales, creado y mantenido bajo la responsabilidad del sitio web, y ser\u00e1n utilizados exclusivamente para prestar los servicios solicitados por los usuarios o resolver las dudas o cuestiones planteadas por nuestros visitantes. Nuestra pol\u00edtica es no elaborar perfiles de los usuarios de nuestros servicios.<\/p>\n<p><strong>Legitimaci\u00f3n del tratamiento<\/strong><\/p>\n<ol type=\"a\">\n<li>Relaci\u00f3n contractual: se aplica cuando compra uno de nuestros productos o contrata alguno de nuestros servicios.<\/li>\n<li>Inter\u00e9s leg\u00edtimo: para atender las consultas y reclamaciones que nos plantee y gestionar el cobro de las cantidades adeudadas.<\/li>\n<li>Su consentimiento: si es usuario de nuestra web, al marcar la casilla del formulario de contacto nos autoriza a remitirle las comunicaciones necesarias para responder a su consulta o solicitud de informaci\u00f3n.<\/li>\n<\/ol>\n<p><strong>Destinatarios<\/strong><br \/>\nNo cedemos sus datos personales a terceros, salvo a aquellas entidades p\u00fablicas o privadas a las que estemos obligados a facilitarlos en cumplimiento de una obligaci\u00f3n legal. Por ejemplo, la normativa tributaria obliga a proporcionar a la Agencia Tributaria determinada informaci\u00f3n sobre operaciones econ\u00f3micas que superen una cuant\u00eda establecida.<\/p>\n<p>Si, al margen de estos supuestos, necesit\u00e1ramos comunicar su informaci\u00f3n personal a otras entidades, solicitar\u00edamos previamente su autorizaci\u00f3n mediante opciones claras que le permitan decidir al respecto.<\/p>\n<p><strong>Comunicaci\u00f3n<\/strong><br \/>\nNo realizaremos transferencias internacionales de sus datos personales para ninguna de las finalidades indicadas.<br \/>\n(<strong>NOTA INTERNA<\/strong>: ESTE P\u00c1RRAFO DEBE SER MODIFICADO POR EL RESPONSABLE SI REALMENTE SE PRODUCEN TRANSFERENCIAS INTERNACIONALES. RECOMENDAMOS SOLICITAR ASESORAMIENTO SI NO SABE C\u00d3MO REFLEJARLO CORRECTAMENTE PARA CUMPLIR LA NORMATIVA).<\/p>\n<p><strong>Conservaci\u00f3n<\/strong><br \/>\nSolo conservaremos sus datos personales durante el tiempo necesario para alcanzar los fines para los que fueron recabados. Para determinar el periodo de conservaci\u00f3n adecuado, examinamos los riesgos del tratamiento, nuestras obligaciones contractuales, legales y normativas, las pol\u00edticas internas de conservaci\u00f3n de datos y nuestros intereses empresariales leg\u00edtimos descritos en el presente Aviso de Privacidad y Pol\u00edtica de Cookies.<\/p>\n<p>En este sentido, el sitio web conservar\u00e1 los datos personales, una vez finalizada su relaci\u00f3n con usted, debidamente bloqueados durante el plazo de prescripci\u00f3n de las acciones que pudieran derivarse de la relaci\u00f3n mantenida con el interesado.<\/p>\n<p>Una vez bloqueados, sus datos ser\u00e1n inaccesibles para el sitio web y no ser\u00e1n tratados salvo para ponerlos a disposici\u00f3n de las Administraciones P\u00fablicas, Jueces y Tribunales, atender las posibles responsabilidades derivadas del tratamiento y ejercer o defender reclamaciones ante la Agencia Espa\u00f1ola de Protecci\u00f3n de Datos.<\/p>\n<p><strong>Seguridad<\/strong><br \/>\nRealizamos todos los esfuerzos razonables para mantener la confidencialidad de la informaci\u00f3n personal tratada en nuestros sistemas. Mantenemos estrictos niveles de seguridad para proteger los datos personales que procesamos frente a p\u00e9rdidas fortuitas y accesos, tratamientos o revelaciones no autorizados, teniendo en cuenta el estado de la tecnolog\u00eda, la naturaleza de los datos y los riesgos a los que est\u00e1n expuestos. No obstante, no podemos responsabilizarnos del uso que usted haga de los datos, incluidos el usuario y la contrase\u00f1a, utilizados en nuestra web. Nuestro personal aplica estrictas normas de privacidad y, cuando contratamos a terceros para prestar servicios de apoyo, les exigimos que cumplan las mismas normas y nos permitan auditar su cumplimiento.<\/p>\n<p><strong>Sus derechos<\/strong><br \/>\nLe informamos de que puede ejercer los siguientes derechos:<\/p>\n<ol type=\"a\">\n<li>Derecho de acceso a sus datos personales, para conocer cu\u00e1les son objeto de tratamiento y las operaciones realizadas con ellos;<\/li>\n<li>Derecho de rectificaci\u00f3n de cualquier dato personal inexacto;<\/li>\n<li>Derecho de supresi\u00f3n de sus datos personales, cuando sea posible, por ejemplo, cuando no exista una obligaci\u00f3n legal que impida su supresi\u00f3n;<\/li>\n<li>Derecho a limitar el tratamiento de sus datos personales cuando su exactitud, legalidad o necesidad resulte dudosa; en tal caso, podremos conservarlos para el ejercicio o la defensa de reclamaciones;<\/li>\n<li>Derecho de oposici\u00f3n al tratamiento de sus datos personales cuando la base jur\u00eddica sea nuestro inter\u00e9s leg\u00edtimo. El sitio web dejar\u00e1 de tratar sus datos salvo que exista un inter\u00e9s leg\u00edtimo imperioso o sea necesario para la defensa de reclamaciones;<\/li>\n<li>Derecho a la portabilidad de sus datos cuando la base jur\u00eddica sea una relaci\u00f3n contractual o su consentimiento;<\/li>\n<li>Derecho a revocar el consentimiento otorgado al sitio web.<\/li>\n<\/ol>\n<p>Para ejercer sus derechos, puede hacerlo de forma gratuita y en cualquier momento contactando con nosotros en la direcci\u00f3n C\/ Cam\u00ed Ral, 552-554 \u2013 Matar\u00f3, y adjuntando una copia de su DNI.<\/p>\n<p><strong>Tutela de derechos<\/strong><br \/>\nSi considera que nuestra entidad no ha atendido sus derechos, puede presentar una reclamaci\u00f3n ante la Agencia Espa\u00f1ola de Protecci\u00f3n de Datos por cualquiera de los siguientes medios:<\/p>\n<ul>\n<li>Sede electr\u00f3nica: <a href=\"https:\/\/www.aepd.es\/\">https:\/\/www.aepd.es<\/a><\/li>\n<li>Correo postal: Agencia Espa\u00f1ola de Protecci\u00f3n de Datos, C\/ Jorge Juan, 6, 28001 Madrid<\/li>\n<li>Tel\u00e9fono: 901.100.099 y 912.663.517<\/li>\n<\/ul>\n<p>Presentar una reclamaci\u00f3n ante la Agencia Espa\u00f1ola de Protecci\u00f3n de Datos no tiene ning\u00fan coste y no requiere la asistencia de abogado ni procurador.<\/p>\n<p><strong>Actualizaciones<\/strong><br \/>\nEl sitio web se reserva el derecho a modificar la presente pol\u00edtica para adaptarla a novedades legislativas o jurisprudenciales que puedan afectar a su cumplimiento.[\/vc_column_text][\/vc_column][\/vc_row]\n<\/div>","protected":false},"excerpt":{"rendered":"<p>[vc_row remove_bottom_col_margin=\u00bbtrue\u00bb css=\u00bb.vc_custom_1776073372189{padding-top: 60px !important;padding-bottom: 80px !important;}\u00bb][vc_column][vc_column_text css=\u00bb\u00bb] POL\u00cdTICA DE PRIVACIDAD Y PROTECCI\u00d3N DE DATOS En cumplimiento del Reglamento (UE) 2016\/679 del Parlamento Europeo y del Consejo, de 27 de abril de 2016, relativo a la protecci\u00f3n de las personas f\u00edsicas en lo que respecta al tratamiento de datos personales, por el que se deroga&hellip;<\/p>\n","protected":false},"author":1,"featured_media":0,"parent":0,"menu_order":0,"comment_status":"closed","ping_status":"closed","template":"","meta":{"_acf_changed":false,"_joinchat":[],"footnotes":""},"class_list":["post-7935","page","type-page","status-publish","hentry","entry","no-media"],"acf":[],"yoast_head":"<!-- This site is optimized with the Yoast SEO plugin v27.9 - https:\/\/yoast.com\/product\/yoast-seo-wordpress\/ -->\n<title>Pol\u00edtica de privacidad - On Urbe<\/title>\n<meta name=\"robots\" content=\"index, follow, max-snippet:-1, max-image-preview:large, max-video-preview:-1\" \/>\n<link rel=\"canonical\" href=\"https:\/\/onurbegrup.com\/es\/politica-de-privacitat\/\" \/>\n<meta property=\"og:locale\" content=\"es_ES\" \/>\n<meta property=\"og:type\" content=\"article\" \/>\n<meta property=\"og:title\" content=\"Pol\u00edtica de privacidad - On Urbe\" \/>\n<meta property=\"og:description\" content=\"[vc_row remove_bottom_col_margin=\u00bbtrue\u00bb css=\u00bb.vc_custom_1776073372189{padding-top: 60px !important;padding-bottom: 80px !important;}\u00bb][vc_column][vc_column_text css=\u00bb\u00bb] POL\u00cdTICA DE PRIVACIDAD Y PROTECCI\u00d3N DE DATOS En cumplimiento del Reglamento (UE) 2016\/679 del Parlamento Europeo y del Consejo, de 27 de abril de 2016, relativo a la protecci\u00f3n de las personas f\u00edsicas en lo que respecta al tratamiento de datos personales, por el que se deroga&hellip;\" \/>\n<meta property=\"og:url\" content=\"https:\/\/onurbegrup.com\/es\/politica-de-privacitat\/\" \/>\n<meta property=\"og:site_name\" content=\"On Urbe\" \/>\n<meta property=\"article:modified_time\" content=\"2026-08-14T10:11:07+00:00\" \/>\n<meta name=\"twitter:card\" content=\"summary_large_image\" \/>\n<meta name=\"twitter:label1\" content=\"Tiempo de lectura\" \/>\n\t<meta name=\"twitter:data1\" content=\"7 minutos\" \/>\n<script type=\"application\/ld+json\" class=\"yoast-schema-graph\">{\"@context\":\"https:\\\/\\\/schema.org\",\"@graph\":[{\"@type\":\"WebPage\",\"@id\":\"https:\\\/\\\/onurbegrup.com\\\/es\\\/politica-de-privacitat\\\/\",\"url\":\"https:\\\/\\\/onurbegrup.com\\\/es\\\/politica-de-privacitat\\\/\",\"name\":\"Pol\u00edtica de privacidad - On Urbe\",\"isPartOf\":{\"@id\":\"https:\\\/\\\/onurbegrup.com\\\/#website\"},\"datePublished\":\"2023-06-07T09:56:34+00:00\",\"dateModified\":\"2026-08-14T10:11:07+00:00\",\"breadcrumb\":{\"@id\":\"https:\\\/\\\/onurbegrup.com\\\/es\\\/politica-de-privacitat\\\/#breadcrumb\"},\"inLanguage\":\"es\",\"potentialAction\":[{\"@type\":\"ReadAction\",\"target\":[\"https:\\\/\\\/onurbegrup.com\\\/es\\\/politica-de-privacitat\\\/\"]}]},{\"@type\":\"BreadcrumbList\",\"@id\":\"https:\\\/\\\/onurbegrup.com\\\/es\\\/politica-de-privacitat\\\/#breadcrumb\",\"itemListElement\":[{\"@type\":\"ListItem\",\"position\":1,\"name\":\"Home\",\"item\":\"https:\\\/\\\/onurbegrup.com\\\/es\\\/\"},{\"@type\":\"ListItem\",\"position\":2,\"name\":\"Pol\u00edtica de privacidad\"}]},{\"@type\":\"WebSite\",\"@id\":\"https:\\\/\\\/onurbegrup.com\\\/#website\",\"url\":\"https:\\\/\\\/onurbegrup.com\\\/\",\"name\":\"On Urbe\",\"description\":\"Grup immobiliari\",\"publisher\":{\"@id\":\"https:\\\/\\\/onurbegrup.com\\\/#organization\"},\"potentialAction\":[{\"@type\":\"SearchAction\",\"target\":{\"@type\":\"EntryPoint\",\"urlTemplate\":\"https:\\\/\\\/onurbegrup.com\\\/?s={search_term_string}\"},\"query-input\":{\"@type\":\"PropertyValueSpecification\",\"valueRequired\":true,\"valueName\":\"search_term_string\"}}],\"inLanguage\":\"es\"},{\"@type\":\"Organization\",\"@id\":\"https:\\\/\\\/onurbegrup.com\\\/#organization\",\"name\":\"On Urbe\",\"url\":\"https:\\\/\\\/onurbegrup.com\\\/\",\"logo\":{\"@type\":\"ImageObject\",\"inLanguage\":\"es\",\"@id\":\"https:\\\/\\\/onurbegrup.com\\\/#\\\/schema\\\/logo\\\/image\\\/\",\"url\":\"https:\\\/\\\/onurbegrup.com\\\/wp-content\\\/uploads\\\/2026\\\/06\\\/logo.png\",\"contentUrl\":\"https:\\\/\\\/onurbegrup.com\\\/wp-content\\\/uploads\\\/2026\\\/06\\\/logo.png\",\"width\":988,\"height\":241,\"caption\":\"On Urbe\"},\"image\":{\"@id\":\"https:\\\/\\\/onurbegrup.com\\\/#\\\/schema\\\/logo\\\/image\\\/\"}}]}<\/script>\n<!-- \/ Yoast SEO plugin. -->","yoast_head_json":{"title":"Pol\u00edtica de privacidad - On Urbe","robots":{"index":"index","follow":"follow","max-snippet":"max-snippet:-1","max-image-preview":"max-image-preview:large","max-video-preview":"max-video-preview:-1"},"canonical":"https:\/\/onurbegrup.com\/es\/politica-de-privacitat\/","og_locale":"es_ES","og_type":"article","og_title":"Pol\u00edtica de privacidad - On Urbe","og_description":"[vc_row remove_bottom_col_margin=\u00bbtrue\u00bb css=\u00bb.vc_custom_1776073372189{padding-top: 60px !important;padding-bottom: 80px !important;}\u00bb][vc_column][vc_column_text css=\u00bb\u00bb] POL\u00cdTICA DE PRIVACIDAD Y PROTECCI\u00d3N DE DATOS En cumplimiento del Reglamento (UE) 2016\/679 del Parlamento Europeo y del Consejo, de 27 de abril de 2016, relativo a la protecci\u00f3n de las personas f\u00edsicas en lo que respecta al tratamiento de datos personales, por el que se deroga&hellip;","og_url":"https:\/\/onurbegrup.com\/es\/politica-de-privacitat\/","og_site_name":"On Urbe","article_modified_time":"2026-08-14T10:11:07+00:00","twitter_card":"summary_large_image","twitter_misc":{"Tiempo de lectura":"7 minutos"},"schema":{"@context":"https:\/\/schema.org","@graph":[{"@type":"WebPage","@id":"https:\/\/onurbegrup.com\/es\/politica-de-privacitat\/","url":"https:\/\/onurbegrup.com\/es\/politica-de-privacitat\/","name":"Pol\u00edtica de privacidad - On Urbe","isPartOf":{"@id":"https:\/\/onurbegrup.com\/#website"},"datePublished":"2023-06-07T09:56:34+00:00","dateModified":"2026-08-14T10:11:07+00:00","breadcrumb":{"@id":"https:\/\/onurbegrup.com\/es\/politica-de-privacitat\/#breadcrumb"},"inLanguage":"es","potentialAction":[{"@type":"ReadAction","target":["https:\/\/onurbegrup.com\/es\/politica-de-privacitat\/"]}]},{"@type":"BreadcrumbList","@id":"https:\/\/onurbegrup.com\/es\/politica-de-privacitat\/#breadcrumb","itemListElement":[{"@type":"ListItem","position":1,"name":"Home","item":"https:\/\/onurbegrup.com\/es\/"},{"@type":"ListItem","position":2,"name":"Pol\u00edtica de privacidad"}]},{"@type":"WebSite","@id":"https:\/\/onurbegrup.com\/#website","url":"https:\/\/onurbegrup.com\/","name":"On Urbe","description":"Grup immobiliari","publisher":{"@id":"https:\/\/onurbegrup.com\/#organization"},"potentialAction":[{"@type":"SearchAction","target":{"@type":"EntryPoint","urlTemplate":"https:\/\/onurbegrup.com\/?s={search_term_string}"},"query-input":{"@type":"PropertyValueSpecification","valueRequired":true,"valueName":"search_term_string"}}],"inLanguage":"es"},{"@type":"Organization","@id":"https:\/\/onurbegrup.com\/#organization","name":"On Urbe","url":"https:\/\/onurbegrup.com\/","logo":{"@type":"ImageObject","inLanguage":"es","@id":"https:\/\/onurbegrup.com\/#\/schema\/logo\/image\/","url":"https:\/\/onurbegrup.com\/wp-content\/uploads\/2026\/06\/logo.png","contentUrl":"https:\/\/onurbegrup.com\/wp-content\/uploads\/2026\/06\/logo.png","width":988,"height":241,"caption":"On Urbe"},"image":{"@id":"https:\/\/onurbegrup.com\/#\/schema\/logo\/image\/"}}]}},"_links":{"self":[{"href":"https:\/\/onurbegrup.com\/es\/wp-json\/wp\/v2\/pages\/7935","targetHints":{"allow":["GET"]}}],"collection":[{"href":"https:\/\/onurbegrup.com\/es\/wp-json\/wp\/v2\/pages"}],"about":[{"href":"https:\/\/onurbegrup.com\/es\/wp-json\/wp\/v2\/types\/page"}],"author":[{"embeddable":true,"href":"https:\/\/onurbegrup.com\/es\/wp-json\/wp\/v2\/users\/1"}],"replies":[{"embeddable":true,"href":"https:\/\/onurbegrup.com\/es\/wp-json\/wp\/v2\/comments?post=7935"}],"version-history":[{"count":1,"href":"https:\/\/onurbegrup.com\/es\/wp-json\/wp\/v2\/pages\/7935\/revisions"}],"predecessor-version":[{"id":8396,"href":"https:\/\/onurbegrup.com\/es\/wp-json\/wp\/v2\/pages\/7935\/revisions\/8396"}],"wp:attachment":[{"href":"https:\/\/onurbegrup.com\/es\/wp-json\/wp\/v2\/media?parent=7935"}],"curies":[{"name":"wp","href":"https:\/\/api.w.org\/{rel}","templated":true}]}}