{"id":10719,"date":"2026-09-02T08:22:49","date_gmt":"2026-09-02T08:22:49","guid":{"rendered":"https:\/\/onurbegrup.com\/propiedad\/onurbe-grup-i-duplex-en-venta-en-sants-montjuic-2\/"},"modified":"2026-09-02T08:43:22","modified_gmt":"2026-09-02T08:43:22","slug":"onurbe-grup-i-duplex-en-venta-en-sants-montjuic-2","status":"publish","type":"propiedad","link":"https:\/\/onurbegrup.com\/es\/propiedad\/onurbe-grup-i-duplex-en-venta-en-sants-montjuic-2\/","title":{"rendered":"ONURBE GRUP I DUPLEX EN VENTA EN SANTS-MONTJU\u00cfC"},"content":{"rendered":"<p>Espectacular d\u00faplex de 200 m\u00b2 con 4 dormitorios , 3 ba\u00f1os y 2 terrazas en finca modernista (Poble Sec).Descubre esta pieza \u00fanica de 160 m\u00b2 \u00fatiles en el coraz\u00f3n de Poble Sec. Ubicada en una finca regia catalogada de 1890, esta vivienda combina a la perfecci\u00f3n el encanto hist\u00f3rico con un dise\u00f1o r\u00fastico-industrial de vanguardia.Cuenta con entrada independiente y un ascensor privado que conecta sus dos niveles.Planta baja (Zona de D\u00eda)Entrada: Recibidor y zona de despacho con una elegante chimenea el\u00e9ctrica.Cocina: De estilo americano, totalmente equipada, con barra alta y encimeras de madera natural.Sal\u00f3n-Comedor: Un espacio di\u00e1fano y lleno de car\u00e1cter con techos altos de vuelta catalana, vigas de hierro y paredes de ladrillo visto.Zona Exterior: Acceso directo a una terraza de 18 m\u00b2 con, iluminaci\u00f3n ambiental y fuente de agua estilo modernista.Ba\u00f1o: Un ba\u00f1o principal moderno con acabados de alta calidad.Anexo en el Patio: En el fondo del jard\u00edn se ubica un estudio independiente muy luminoso con habitaci\u00f3n doble y aseo (con espacio para ducha). Ideal para invitados o teletrabajo.Planta 1\u00aa (Zona de Noche): Dormitorio: Una habitaci\u00f3n doble exterior a calle, conectada de forma exclusiva por el ascensor interior.Planta 2\u00aa (Zona de noche): Dormitorio: Una habitaci\u00f3n doble con armario \/ vestidor, exterior a calle con acceso a un balc\u00f3n con sol directo. Dormitorio: Una habitaci\u00f3n exterior a patio de manzana con acceso a una terraza de 17 m \u00b2 con sol directo.Detalles y Calidades: Climatizaci\u00f3n fr\u00edo\/calor y generador el\u00e9ctrico propio.Detalles de origen recuperados y puertas macizas ornamentales.Finca tranquila con pocos vecinos e Inspecci\u00f3n T\u00e9cnica (ITE) aprobada.Ubicaci\u00f3n excelente: junto a Montju\u00efc, rodeado de servicios y muy bien conectado.Contacat\u00e1nos para agendar una visita!<\/p>\n","protected":false},"featured_media":10696,"template":"","meta":{"_acf_changed":false,"_joinchat":[]},"operacion":[105],"poblacion":[106],"subzona":[237],"tipo-de-inmueble":[232],"zona":[238],"class_list":["post-10719","propiedad","type-propiedad","status-publish","has-post-thumbnail","hentry","operacion-venta","poblacion-barcelona","subzona-el-poble-sec","tipo-de-inmueble-duplex","zona-sants-montjuic","entry","has-media"],"acf":[],"yoast_head":"<!-- This site is optimized with the Yoast SEO plugin v27.9 - https:\/\/yoast.com\/product\/yoast-seo-wordpress\/ -->\n<title>ONURBE GRUP I DUPLEX EN VENTA EN SANTS-MONTJU\u00cfC - On Urbe<\/title>\n<meta name=\"robots\" content=\"index, follow, max-snippet:-1, max-image-preview:large, max-video-preview:-1\" \/>\n<link rel=\"canonical\" href=\"https:\/\/onurbegrup.com\/es\/propiedad\/onurbe-grup-i-duplex-en-venta-en-sants-montjuic-2\/\" \/>\n<meta property=\"og:locale\" content=\"es_ES\" \/>\n<meta property=\"og:type\" content=\"article\" \/>\n<meta property=\"og:title\" content=\"ONURBE GRUP I DUPLEX EN VENTA EN SANTS-MONTJU\u00cfC - On Urbe\" \/>\n<meta property=\"og:description\" content=\"Espectacular d\u00faplex de 200 m\u00b2 con 4 dormitorios , 3 ba\u00f1os y 2 terrazas en finca modernista (Poble Sec).Descubre esta pieza \u00fanica de 160 m\u00b2 \u00fatiles en el coraz\u00f3n de Poble Sec. Ubicada en una finca regia catalogada de 1890, esta vivienda combina a la perfecci\u00f3n el encanto hist\u00f3rico con un dise\u00f1o r\u00fastico-industrial de vanguardia.Cuenta&hellip;\" \/>\n<meta property=\"og:url\" content=\"https:\/\/onurbegrup.com\/es\/propiedad\/onurbe-grup-i-duplex-en-venta-en-sants-montjuic-2\/\" \/>\n<meta property=\"og:site_name\" content=\"On Urbe\" \/>\n<meta property=\"article:modified_time\" content=\"2026-09-02T08:43:22+00:00\" \/>\n<meta property=\"og:image\" content=\"https:\/\/onurbegrup.com\/wp-content\/uploads\/2026\/09\/28102790.jpg\" \/>\n\t<meta property=\"og:image:width\" content=\"1600\" \/>\n\t<meta property=\"og:image:height\" content=\"1200\" \/>\n\t<meta property=\"og:image:type\" content=\"image\/jpeg\" \/>\n<meta name=\"twitter:card\" content=\"summary_large_image\" \/>\n<meta name=\"twitter:label1\" content=\"Tiempo de lectura\" \/>\n\t<meta name=\"twitter:data1\" content=\"2 minutos\" \/>\n<script type=\"application\/ld+json\" class=\"yoast-schema-graph\">{\"@context\":\"https:\\\/\\\/schema.org\",\"@graph\":[{\"@type\":\"WebPage\",\"@id\":\"https:\\\/\\\/onurbegrup.com\\\/es\\\/propiedad\\\/onurbe-grup-i-duplex-en-venta-en-sants-montjuic-2\\\/\",\"url\":\"https:\\\/\\\/onurbegrup.com\\\/es\\\/propiedad\\\/onurbe-grup-i-duplex-en-venta-en-sants-montjuic-2\\\/\",\"name\":\"ONURBE GRUP I DUPLEX EN VENTA EN SANTS-MONTJU\u00cfC - On Urbe\",\"isPartOf\":{\"@id\":\"https:\\\/\\\/onurbegrup.com\\\/#website\"},\"primaryImageOfPage\":{\"@id\":\"https:\\\/\\\/onurbegrup.com\\\/es\\\/propiedad\\\/onurbe-grup-i-duplex-en-venta-en-sants-montjuic-2\\\/#primaryimage\"},\"image\":{\"@id\":\"https:\\\/\\\/onurbegrup.com\\\/es\\\/propiedad\\\/onurbe-grup-i-duplex-en-venta-en-sants-montjuic-2\\\/#primaryimage\"},\"thumbnailUrl\":\"https:\\\/\\\/onurbegrup.com\\\/wp-content\\\/uploads\\\/2026\\\/09\\\/28102790.jpg\",\"datePublished\":\"2026-09-02T08:22:49+00:00\",\"dateModified\":\"2026-09-02T08:43:22+00:00\",\"breadcrumb\":{\"@id\":\"https:\\\/\\\/onurbegrup.com\\\/es\\\/propiedad\\\/onurbe-grup-i-duplex-en-venta-en-sants-montjuic-2\\\/#breadcrumb\"},\"inLanguage\":\"es\",\"potentialAction\":[{\"@type\":\"ReadAction\",\"target\":[\"https:\\\/\\\/onurbegrup.com\\\/es\\\/propiedad\\\/onurbe-grup-i-duplex-en-venta-en-sants-montjuic-2\\\/\"]}]},{\"@type\":\"ImageObject\",\"inLanguage\":\"es\",\"@id\":\"https:\\\/\\\/onurbegrup.com\\\/es\\\/propiedad\\\/onurbe-grup-i-duplex-en-venta-en-sants-montjuic-2\\\/#primaryimage\",\"url\":\"https:\\\/\\\/onurbegrup.com\\\/wp-content\\\/uploads\\\/2026\\\/09\\\/28102790.jpg\",\"contentUrl\":\"https:\\\/\\\/onurbegrup.com\\\/wp-content\\\/uploads\\\/2026\\\/09\\\/28102790.jpg\",\"width\":1600,\"height\":1200},{\"@type\":\"BreadcrumbList\",\"@id\":\"https:\\\/\\\/onurbegrup.com\\\/es\\\/propiedad\\\/onurbe-grup-i-duplex-en-venta-en-sants-montjuic-2\\\/#breadcrumb\",\"itemListElement\":[{\"@type\":\"ListItem\",\"position\":1,\"name\":\"Home\",\"item\":\"https:\\\/\\\/onurbegrup.com\\\/es\\\/\"},{\"@type\":\"ListItem\",\"position\":2,\"name\":\"Propiedades\",\"item\":\"https:\\\/\\\/onurbegrup.com\\\/propiedades\\\/\"},{\"@type\":\"ListItem\",\"position\":3,\"name\":\"ONURBE GRUP I DUPLEX EN VENTA EN SANTS-MONTJU\u00cfC\"}]},{\"@type\":\"WebSite\",\"@id\":\"https:\\\/\\\/onurbegrup.com\\\/#website\",\"url\":\"https:\\\/\\\/onurbegrup.com\\\/\",\"name\":\"On Urbe\",\"description\":\"Grup immobiliari\",\"publisher\":{\"@id\":\"https:\\\/\\\/onurbegrup.com\\\/#organization\"},\"potentialAction\":[{\"@type\":\"SearchAction\",\"target\":{\"@type\":\"EntryPoint\",\"urlTemplate\":\"https:\\\/\\\/onurbegrup.com\\\/?s={search_term_string}\"},\"query-input\":{\"@type\":\"PropertyValueSpecification\",\"valueRequired\":true,\"valueName\":\"search_term_string\"}}],\"inLanguage\":\"es\"},{\"@type\":\"Organization\",\"@id\":\"https:\\\/\\\/onurbegrup.com\\\/#organization\",\"name\":\"On Urbe\",\"url\":\"https:\\\/\\\/onurbegrup.com\\\/\",\"logo\":{\"@type\":\"ImageObject\",\"inLanguage\":\"es\",\"@id\":\"https:\\\/\\\/onurbegrup.com\\\/#\\\/schema\\\/logo\\\/image\\\/\",\"url\":\"https:\\\/\\\/onurbegrup.com\\\/wp-content\\\/uploads\\\/2026\\\/06\\\/logo.png\",\"contentUrl\":\"https:\\\/\\\/onurbegrup.com\\\/wp-content\\\/uploads\\\/2026\\\/06\\\/logo.png\",\"width\":988,\"height\":241,\"caption\":\"On Urbe\"},\"image\":{\"@id\":\"https:\\\/\\\/onurbegrup.com\\\/#\\\/schema\\\/logo\\\/image\\\/\"}}]}<\/script>\n<!-- \/ Yoast SEO plugin. -->","yoast_head_json":{"title":"ONURBE GRUP I DUPLEX EN VENTA EN SANTS-MONTJU\u00cfC - On Urbe","robots":{"index":"index","follow":"follow","max-snippet":"max-snippet:-1","max-image-preview":"max-image-preview:large","max-video-preview":"max-video-preview:-1"},"canonical":"https:\/\/onurbegrup.com\/es\/propiedad\/onurbe-grup-i-duplex-en-venta-en-sants-montjuic-2\/","og_locale":"es_ES","og_type":"article","og_title":"ONURBE GRUP I DUPLEX EN VENTA EN SANTS-MONTJU\u00cfC - On Urbe","og_description":"Espectacular d\u00faplex de 200 m\u00b2 con 4 dormitorios , 3 ba\u00f1os y 2 terrazas en finca modernista (Poble Sec).Descubre esta pieza \u00fanica de 160 m\u00b2 \u00fatiles en el coraz\u00f3n de Poble Sec. Ubicada en una finca regia catalogada de 1890, esta vivienda combina a la perfecci\u00f3n el encanto hist\u00f3rico con un dise\u00f1o r\u00fastico-industrial de vanguardia.Cuenta&hellip;","og_url":"https:\/\/onurbegrup.com\/es\/propiedad\/onurbe-grup-i-duplex-en-venta-en-sants-montjuic-2\/","og_site_name":"On Urbe","article_modified_time":"2026-09-02T08:43:22+00:00","og_image":[{"width":1600,"height":1200,"url":"https:\/\/onurbegrup.com\/wp-content\/uploads\/2026\/09\/28102790.jpg","type":"image\/jpeg"}],"twitter_card":"summary_large_image","twitter_misc":{"Tiempo de lectura":"2 minutos"},"schema":{"@context":"https:\/\/schema.org","@graph":[{"@type":"WebPage","@id":"https:\/\/onurbegrup.com\/es\/propiedad\/onurbe-grup-i-duplex-en-venta-en-sants-montjuic-2\/","url":"https:\/\/onurbegrup.com\/es\/propiedad\/onurbe-grup-i-duplex-en-venta-en-sants-montjuic-2\/","name":"ONURBE GRUP I DUPLEX EN VENTA EN SANTS-MONTJU\u00cfC - On Urbe","isPartOf":{"@id":"https:\/\/onurbegrup.com\/#website"},"primaryImageOfPage":{"@id":"https:\/\/onurbegrup.com\/es\/propiedad\/onurbe-grup-i-duplex-en-venta-en-sants-montjuic-2\/#primaryimage"},"image":{"@id":"https:\/\/onurbegrup.com\/es\/propiedad\/onurbe-grup-i-duplex-en-venta-en-sants-montjuic-2\/#primaryimage"},"thumbnailUrl":"https:\/\/onurbegrup.com\/wp-content\/uploads\/2026\/09\/28102790.jpg","datePublished":"2026-09-02T08:22:49+00:00","dateModified":"2026-09-02T08:43:22+00:00","breadcrumb":{"@id":"https:\/\/onurbegrup.com\/es\/propiedad\/onurbe-grup-i-duplex-en-venta-en-sants-montjuic-2\/#breadcrumb"},"inLanguage":"es","potentialAction":[{"@type":"ReadAction","target":["https:\/\/onurbegrup.com\/es\/propiedad\/onurbe-grup-i-duplex-en-venta-en-sants-montjuic-2\/"]}]},{"@type":"ImageObject","inLanguage":"es","@id":"https:\/\/onurbegrup.com\/es\/propiedad\/onurbe-grup-i-duplex-en-venta-en-sants-montjuic-2\/#primaryimage","url":"https:\/\/onurbegrup.com\/wp-content\/uploads\/2026\/09\/28102790.jpg","contentUrl":"https:\/\/onurbegrup.com\/wp-content\/uploads\/2026\/09\/28102790.jpg","width":1600,"height":1200},{"@type":"BreadcrumbList","@id":"https:\/\/onurbegrup.com\/es\/propiedad\/onurbe-grup-i-duplex-en-venta-en-sants-montjuic-2\/#breadcrumb","itemListElement":[{"@type":"ListItem","position":1,"name":"Home","item":"https:\/\/onurbegrup.com\/es\/"},{"@type":"ListItem","position":2,"name":"Propiedades","item":"https:\/\/onurbegrup.com\/propiedades\/"},{"@type":"ListItem","position":3,"name":"ONURBE GRUP I DUPLEX EN VENTA EN SANTS-MONTJU\u00cfC"}]},{"@type":"WebSite","@id":"https:\/\/onurbegrup.com\/#website","url":"https:\/\/onurbegrup.com\/","name":"On Urbe","description":"Grup immobiliari","publisher":{"@id":"https:\/\/onurbegrup.com\/#organization"},"potentialAction":[{"@type":"SearchAction","target":{"@type":"EntryPoint","urlTemplate":"https:\/\/onurbegrup.com\/?s={search_term_string}"},"query-input":{"@type":"PropertyValueSpecification","valueRequired":true,"valueName":"search_term_string"}}],"inLanguage":"es"},{"@type":"Organization","@id":"https:\/\/onurbegrup.com\/#organization","name":"On Urbe","url":"https:\/\/onurbegrup.com\/","logo":{"@type":"ImageObject","inLanguage":"es","@id":"https:\/\/onurbegrup.com\/#\/schema\/logo\/image\/","url":"https:\/\/onurbegrup.com\/wp-content\/uploads\/2026\/06\/logo.png","contentUrl":"https:\/\/onurbegrup.com\/wp-content\/uploads\/2026\/06\/logo.png","width":988,"height":241,"caption":"On Urbe"},"image":{"@id":"https:\/\/onurbegrup.com\/#\/schema\/logo\/image\/"}}]}},"_links":{"self":[{"href":"https:\/\/onurbegrup.com\/es\/wp-json\/wp\/v2\/propiedad\/10719","targetHints":{"allow":["GET"]}}],"collection":[{"href":"https:\/\/onurbegrup.com\/es\/wp-json\/wp\/v2\/propiedad"}],"about":[{"href":"https:\/\/onurbegrup.com\/es\/wp-json\/wp\/v2\/types\/propiedad"}],"wp:featuredmedia":[{"embeddable":true,"href":"https:\/\/onurbegrup.com\/es\/wp-json\/wp\/v2\/media\/10696"}],"wp:attachment":[{"href":"https:\/\/onurbegrup.com\/es\/wp-json\/wp\/v2\/media?parent=10719"}],"wp:term":[{"taxonomy":"operacion","embeddable":true,"href":"https:\/\/onurbegrup.com\/es\/wp-json\/wp\/v2\/operacion?post=10719"},{"taxonomy":"poblacion","embeddable":true,"href":"https:\/\/onurbegrup.com\/es\/wp-json\/wp\/v2\/poblacion?post=10719"},{"taxonomy":"subzona","embeddable":true,"href":"https:\/\/onurbegrup.com\/es\/wp-json\/wp\/v2\/subzona?post=10719"},{"taxonomy":"tipo-de-inmueble","embeddable":true,"href":"https:\/\/onurbegrup.com\/es\/wp-json\/wp\/v2\/tipo-de-inmueble?post=10719"},{"taxonomy":"zona","embeddable":true,"href":"https:\/\/onurbegrup.com\/es\/wp-json\/wp\/v2\/zona?post=10719"}],"curies":[{"name":"wp","href":"https:\/\/api.w.org\/{rel}","templated":true}]}}