{"id":9114,"date":"2026-06-30T15:24:10","date_gmt":"2026-06-30T15:24:10","guid":{"rendered":"https:\/\/onurbegrup.com\/propiedad\/traspaso-de-cafeteria-en-barcelona\/"},"modified":"2026-06-30T15:24:10","modified_gmt":"2026-06-30T15:24:10","slug":"traspaso-de-cafeteria-en-barcelona","status":"publish","type":"propiedad","link":"https:\/\/onurbegrup.com\/es\/propiedad\/traspaso-de-cafeteria-en-barcelona\/","title":{"rendered":"Traspaso de cafeter\u00eda en Barcelona"},"content":{"rendered":"<p>Restaurante con licencia C2 mixta a una calle de la Sagrada Familia listo para continuar con la actividad! El inmueble est\u00e1 distribuido en 60 m\u00b2 completamente di\u00e1fano con aforo para 30 personas! El restaurante se reform\u00f3 hace uno a\u00f1o y cuenta con todo lo necesario para continuar con la actividad, como mesas, sillas, utensilios, barra de bar completamente equipada, neveras, cafetera, etc. Est\u00e1 ubicado en una zona privilegiada ya que se encuentra a una calle de La Sagrada Familia donde el paso de gente es continuo, lo que hace que el negocio est\u00e9 siempre completo de comensales. Cont\u00e1ctanos para fijar una visita!<\/p>\n","protected":false},"featured_media":9115,"template":"","meta":{"_acf_changed":false,"_joinchat":[]},"operacion":[147],"poblacion":[156],"subzona":[],"tipo-de-inmueble":[168],"zona":[],"class_list":["post-9114","propiedad","type-propiedad","status-publish","has-post-thumbnail","hentry","operacion-traspaso","poblacion-sagrada-familia","tipo-de-inmueble-traspaso-de-negocio","entry","has-media"],"acf":[],"yoast_head":"<!-- This site is optimized with the Yoast SEO plugin v27.9 - https:\/\/yoast.com\/product\/yoast-seo-wordpress\/ -->\n<title>Traspaso de cafeter\u00eda en Barcelona - On Urbe<\/title>\n<meta name=\"robots\" content=\"index, follow, max-snippet:-1, max-image-preview:large, max-video-preview:-1\" \/>\n<link rel=\"canonical\" href=\"https:\/\/onurbegrup.com\/es\/propiedad\/traspaso-de-cafeteria-en-barcelona\/\" \/>\n<meta property=\"og:locale\" content=\"es_ES\" \/>\n<meta property=\"og:type\" content=\"article\" \/>\n<meta property=\"og:title\" content=\"Traspaso de cafeter\u00eda en Barcelona - On Urbe\" \/>\n<meta property=\"og:description\" content=\"Restaurante con licencia C2 mixta a una calle de la Sagrada Familia listo para continuar con la actividad! El inmueble est\u00e1 distribuido en 60 m\u00b2 completamente di\u00e1fano con aforo para 30 personas! El restaurante se reform\u00f3 hace uno a\u00f1o y cuenta con todo lo necesario para continuar con la actividad, como mesas, sillas, utensilios, barra&hellip;\" \/>\n<meta property=\"og:url\" content=\"https:\/\/onurbegrup.com\/es\/propiedad\/traspaso-de-cafeteria-en-barcelona\/\" \/>\n<meta property=\"og:site_name\" content=\"On Urbe\" \/>\n<meta name=\"twitter:card\" content=\"summary_large_image\" \/>\n<meta name=\"twitter:label1\" content=\"Tiempo de lectura\" \/>\n\t<meta name=\"twitter:data1\" content=\"1 minuto\" \/>\n<script type=\"application\/ld+json\" class=\"yoast-schema-graph\">{\"@context\":\"https:\\\/\\\/schema.org\",\"@graph\":[{\"@type\":\"WebPage\",\"@id\":\"https:\\\/\\\/onurbegrup.com\\\/es\\\/propiedad\\\/traspaso-de-cafeteria-en-barcelona\\\/\",\"url\":\"https:\\\/\\\/onurbegrup.com\\\/es\\\/propiedad\\\/traspaso-de-cafeteria-en-barcelona\\\/\",\"name\":\"Traspaso de cafeter\u00eda en Barcelona - On Urbe\",\"isPartOf\":{\"@id\":\"https:\\\/\\\/onurbegrup.com\\\/#website\"},\"primaryImageOfPage\":{\"@id\":\"https:\\\/\\\/onurbegrup.com\\\/es\\\/propiedad\\\/traspaso-de-cafeteria-en-barcelona\\\/#primaryimage\"},\"image\":{\"@id\":\"https:\\\/\\\/onurbegrup.com\\\/es\\\/propiedad\\\/traspaso-de-cafeteria-en-barcelona\\\/#primaryimage\"},\"thumbnailUrl\":\"https:\\\/\\\/onurbegrup.com\\\/wp-content\\\/uploads\\\/2026\\\/06\\\/traspaso-de-cafeteria-en-barcelona-001.webp\",\"datePublished\":\"2026-06-30T15:24:10+00:00\",\"breadcrumb\":{\"@id\":\"https:\\\/\\\/onurbegrup.com\\\/es\\\/propiedad\\\/traspaso-de-cafeteria-en-barcelona\\\/#breadcrumb\"},\"inLanguage\":\"es\",\"potentialAction\":[{\"@type\":\"ReadAction\",\"target\":[\"https:\\\/\\\/onurbegrup.com\\\/es\\\/propiedad\\\/traspaso-de-cafeteria-en-barcelona\\\/\"]}]},{\"@type\":\"ImageObject\",\"inLanguage\":\"es\",\"@id\":\"https:\\\/\\\/onurbegrup.com\\\/es\\\/propiedad\\\/traspaso-de-cafeteria-en-barcelona\\\/#primaryimage\",\"url\":\"https:\\\/\\\/onurbegrup.com\\\/wp-content\\\/uploads\\\/2026\\\/06\\\/traspaso-de-cafeteria-en-barcelona-001.webp\",\"contentUrl\":\"https:\\\/\\\/onurbegrup.com\\\/wp-content\\\/uploads\\\/2026\\\/06\\\/traspaso-de-cafeteria-en-barcelona-001.webp\",\"width\":1448,\"height\":1086},{\"@type\":\"BreadcrumbList\",\"@id\":\"https:\\\/\\\/onurbegrup.com\\\/es\\\/propiedad\\\/traspaso-de-cafeteria-en-barcelona\\\/#breadcrumb\",\"itemListElement\":[{\"@type\":\"ListItem\",\"position\":1,\"name\":\"Home\",\"item\":\"https:\\\/\\\/onurbegrup.com\\\/es\\\/\"},{\"@type\":\"ListItem\",\"position\":2,\"name\":\"Propiedades\",\"item\":\"https:\\\/\\\/onurbegrup.com\\\/propiedades\\\/\"},{\"@type\":\"ListItem\",\"position\":3,\"name\":\"Traspaso de cafeter\u00eda en Barcelona\"}]},{\"@type\":\"WebSite\",\"@id\":\"https:\\\/\\\/onurbegrup.com\\\/#website\",\"url\":\"https:\\\/\\\/onurbegrup.com\\\/\",\"name\":\"On Urbe\",\"description\":\"Grup immobiliari\",\"publisher\":{\"@id\":\"https:\\\/\\\/onurbegrup.com\\\/#organization\"},\"potentialAction\":[{\"@type\":\"SearchAction\",\"target\":{\"@type\":\"EntryPoint\",\"urlTemplate\":\"https:\\\/\\\/onurbegrup.com\\\/?s={search_term_string}\"},\"query-input\":{\"@type\":\"PropertyValueSpecification\",\"valueRequired\":true,\"valueName\":\"search_term_string\"}}],\"inLanguage\":\"es\"},{\"@type\":\"Organization\",\"@id\":\"https:\\\/\\\/onurbegrup.com\\\/#organization\",\"name\":\"On Urbe\",\"url\":\"https:\\\/\\\/onurbegrup.com\\\/\",\"logo\":{\"@type\":\"ImageObject\",\"inLanguage\":\"es\",\"@id\":\"https:\\\/\\\/onurbegrup.com\\\/#\\\/schema\\\/logo\\\/image\\\/\",\"url\":\"https:\\\/\\\/onurbegrup.com\\\/wp-content\\\/uploads\\\/2026\\\/06\\\/logo.png\",\"contentUrl\":\"https:\\\/\\\/onurbegrup.com\\\/wp-content\\\/uploads\\\/2026\\\/06\\\/logo.png\",\"width\":988,\"height\":241,\"caption\":\"On Urbe\"},\"image\":{\"@id\":\"https:\\\/\\\/onurbegrup.com\\\/#\\\/schema\\\/logo\\\/image\\\/\"}}]}<\/script>\n<!-- \/ Yoast SEO plugin. -->","yoast_head_json":{"title":"Traspaso de cafeter\u00eda en Barcelona - On Urbe","robots":{"index":"index","follow":"follow","max-snippet":"max-snippet:-1","max-image-preview":"max-image-preview:large","max-video-preview":"max-video-preview:-1"},"canonical":"https:\/\/onurbegrup.com\/es\/propiedad\/traspaso-de-cafeteria-en-barcelona\/","og_locale":"es_ES","og_type":"article","og_title":"Traspaso de cafeter\u00eda en Barcelona - On Urbe","og_description":"Restaurante con licencia C2 mixta a una calle de la Sagrada Familia listo para continuar con la actividad! El inmueble est\u00e1 distribuido en 60 m\u00b2 completamente di\u00e1fano con aforo para 30 personas! El restaurante se reform\u00f3 hace uno a\u00f1o y cuenta con todo lo necesario para continuar con la actividad, como mesas, sillas, utensilios, barra&hellip;","og_url":"https:\/\/onurbegrup.com\/es\/propiedad\/traspaso-de-cafeteria-en-barcelona\/","og_site_name":"On Urbe","twitter_card":"summary_large_image","twitter_misc":{"Tiempo de lectura":"1 minuto"},"schema":{"@context":"https:\/\/schema.org","@graph":[{"@type":"WebPage","@id":"https:\/\/onurbegrup.com\/es\/propiedad\/traspaso-de-cafeteria-en-barcelona\/","url":"https:\/\/onurbegrup.com\/es\/propiedad\/traspaso-de-cafeteria-en-barcelona\/","name":"Traspaso de cafeter\u00eda en Barcelona - On Urbe","isPartOf":{"@id":"https:\/\/onurbegrup.com\/#website"},"primaryImageOfPage":{"@id":"https:\/\/onurbegrup.com\/es\/propiedad\/traspaso-de-cafeteria-en-barcelona\/#primaryimage"},"image":{"@id":"https:\/\/onurbegrup.com\/es\/propiedad\/traspaso-de-cafeteria-en-barcelona\/#primaryimage"},"thumbnailUrl":"https:\/\/onurbegrup.com\/wp-content\/uploads\/2026\/06\/traspaso-de-cafeteria-en-barcelona-001.webp","datePublished":"2026-06-30T15:24:10+00:00","breadcrumb":{"@id":"https:\/\/onurbegrup.com\/es\/propiedad\/traspaso-de-cafeteria-en-barcelona\/#breadcrumb"},"inLanguage":"es","potentialAction":[{"@type":"ReadAction","target":["https:\/\/onurbegrup.com\/es\/propiedad\/traspaso-de-cafeteria-en-barcelona\/"]}]},{"@type":"ImageObject","inLanguage":"es","@id":"https:\/\/onurbegrup.com\/es\/propiedad\/traspaso-de-cafeteria-en-barcelona\/#primaryimage","url":"https:\/\/onurbegrup.com\/wp-content\/uploads\/2026\/06\/traspaso-de-cafeteria-en-barcelona-001.webp","contentUrl":"https:\/\/onurbegrup.com\/wp-content\/uploads\/2026\/06\/traspaso-de-cafeteria-en-barcelona-001.webp","width":1448,"height":1086},{"@type":"BreadcrumbList","@id":"https:\/\/onurbegrup.com\/es\/propiedad\/traspaso-de-cafeteria-en-barcelona\/#breadcrumb","itemListElement":[{"@type":"ListItem","position":1,"name":"Home","item":"https:\/\/onurbegrup.com\/es\/"},{"@type":"ListItem","position":2,"name":"Propiedades","item":"https:\/\/onurbegrup.com\/propiedades\/"},{"@type":"ListItem","position":3,"name":"Traspaso de cafeter\u00eda en Barcelona"}]},{"@type":"WebSite","@id":"https:\/\/onurbegrup.com\/#website","url":"https:\/\/onurbegrup.com\/","name":"On Urbe","description":"Grup immobiliari","publisher":{"@id":"https:\/\/onurbegrup.com\/#organization"},"potentialAction":[{"@type":"SearchAction","target":{"@type":"EntryPoint","urlTemplate":"https:\/\/onurbegrup.com\/?s={search_term_string}"},"query-input":{"@type":"PropertyValueSpecification","valueRequired":true,"valueName":"search_term_string"}}],"inLanguage":"es"},{"@type":"Organization","@id":"https:\/\/onurbegrup.com\/#organization","name":"On Urbe","url":"https:\/\/onurbegrup.com\/","logo":{"@type":"ImageObject","inLanguage":"es","@id":"https:\/\/onurbegrup.com\/#\/schema\/logo\/image\/","url":"https:\/\/onurbegrup.com\/wp-content\/uploads\/2026\/06\/logo.png","contentUrl":"https:\/\/onurbegrup.com\/wp-content\/uploads\/2026\/06\/logo.png","width":988,"height":241,"caption":"On Urbe"},"image":{"@id":"https:\/\/onurbegrup.com\/#\/schema\/logo\/image\/"}}]}},"_links":{"self":[{"href":"https:\/\/onurbegrup.com\/es\/wp-json\/wp\/v2\/propiedad\/9114","targetHints":{"allow":["GET"]}}],"collection":[{"href":"https:\/\/onurbegrup.com\/es\/wp-json\/wp\/v2\/propiedad"}],"about":[{"href":"https:\/\/onurbegrup.com\/es\/wp-json\/wp\/v2\/types\/propiedad"}],"wp:featuredmedia":[{"embeddable":true,"href":"https:\/\/onurbegrup.com\/es\/wp-json\/wp\/v2\/media\/9115"}],"wp:attachment":[{"href":"https:\/\/onurbegrup.com\/es\/wp-json\/wp\/v2\/media?parent=9114"}],"wp:term":[{"taxonomy":"operacion","embeddable":true,"href":"https:\/\/onurbegrup.com\/es\/wp-json\/wp\/v2\/operacion?post=9114"},{"taxonomy":"poblacion","embeddable":true,"href":"https:\/\/onurbegrup.com\/es\/wp-json\/wp\/v2\/poblacion?post=9114"},{"taxonomy":"subzona","embeddable":true,"href":"https:\/\/onurbegrup.com\/es\/wp-json\/wp\/v2\/subzona?post=9114"},{"taxonomy":"tipo-de-inmueble","embeddable":true,"href":"https:\/\/onurbegrup.com\/es\/wp-json\/wp\/v2\/tipo-de-inmueble?post=9114"},{"taxonomy":"zona","embeddable":true,"href":"https:\/\/onurbegrup.com\/es\/wp-json\/wp\/v2\/zona?post=9114"}],"curies":[{"name":"wp","href":"https:\/\/api.w.org\/{rel}","templated":true}]}}