{"id":9986,"date":"2026-09-02T08:03:56","date_gmt":"2026-09-02T08:03:56","guid":{"rendered":"https:\/\/onurbegrup.com\/propiedad\/onurbe-grup-atico-en-venta-la-nova-esquerra\/"},"modified":"2026-09-02T08:42:19","modified_gmt":"2026-09-02T08:42:19","slug":"onurbe-grup-atico-en-venta-la-nova-esquerra","status":"publish","type":"propiedad","link":"https:\/\/onurbegrup.com\/es\/propiedad\/onurbe-grup-atico-en-venta-la-nova-esquerra\/","title":{"rendered":"ONURBE GRUP | \u00c1TICO EN VENTA &#8211; LA NOVA ESQUERRA"},"content":{"rendered":"<p>\u00a1Descubre tu nuevo hogar en el coraz\u00f3n de Barcelona! Te presentamos este espectacular \u00e1tico de 72 m\u00b2 \u00fatiles situado en una 8\u00aa planta con ascensor de una finca joven en perfecto estado en la Nova Esquerra de l&#8217;Eixample. El inmueble es totalmente exterior, destaca por su luminosidad gracias a su orientaci\u00f3n sureste. Los 79 m\u00b2 construidos se distribuyen en 3 habitaciones, 1 ba\u00f1o completo, amplia cocina independiente y sal\u00f3n comedor exterior, perfecto para disfrutar con familia y amigos. Adem\u00e1s, cuenta con suelos de parquet, carpinter\u00eda de madera y aluminio y aire acondicionado.Excelente comunicaci\u00f3n con transporte p\u00fablico y rodeado de comercios, restaurantes y servicios, tendr\u00e1s todo lo que necesitas a pocos pasos de tu puerta.Para informaci\u00f3n mas detallada, por favor ponte en contacto con nosotros!<\/p>\n","protected":false},"featured_media":9956,"template":"","meta":{"_acf_changed":false,"_joinchat":[]},"operacion":[105],"poblacion":[106],"subzona":[],"tipo-de-inmueble":[195],"zona":[],"class_list":["post-9986","propiedad","type-propiedad","status-publish","has-post-thumbnail","hentry","operacion-venta","poblacion-barcelona","tipo-de-inmueble-atics","entry","has-media"],"acf":[],"yoast_head":"<!-- This site is optimized with the Yoast SEO plugin v27.9 - https:\/\/yoast.com\/product\/yoast-seo-wordpress\/ -->\n<title>ONURBE GRUP | \u00c1TICO EN VENTA - LA NOVA ESQUERRA - On Urbe<\/title>\n<meta name=\"robots\" content=\"index, follow, max-snippet:-1, max-image-preview:large, max-video-preview:-1\" \/>\n<link rel=\"canonical\" href=\"https:\/\/onurbegrup.com\/es\/propiedad\/onurbe-grup-atico-en-venta-la-nova-esquerra\/\" \/>\n<meta property=\"og:locale\" content=\"es_ES\" \/>\n<meta property=\"og:type\" content=\"article\" \/>\n<meta property=\"og:title\" content=\"ONURBE GRUP | \u00c1TICO EN VENTA - LA NOVA ESQUERRA - On Urbe\" \/>\n<meta property=\"og:description\" content=\"\u00a1Descubre tu nuevo hogar en el coraz\u00f3n de Barcelona! Te presentamos este espectacular \u00e1tico de 72 m\u00b2 \u00fatiles situado en una 8\u00aa planta con ascensor de una finca joven en perfecto estado en la Nova Esquerra de l&#8217;Eixample. El inmueble es totalmente exterior, destaca por su luminosidad gracias a su orientaci\u00f3n sureste. Los 79 m\u00b2&hellip;\" \/>\n<meta property=\"og:url\" content=\"https:\/\/onurbegrup.com\/es\/propiedad\/onurbe-grup-atico-en-venta-la-nova-esquerra\/\" \/>\n<meta property=\"og:site_name\" content=\"On Urbe\" \/>\n<meta property=\"article:modified_time\" content=\"2026-09-02T08:42:19+00:00\" \/>\n<meta property=\"og:image\" content=\"https:\/\/onurbegrup.com\/wp-content\/uploads\/2026\/09\/28175794.jpg\" \/>\n\t<meta property=\"og:image:width\" content=\"1500\" \/>\n\t<meta property=\"og:image:height\" content=\"1125\" \/>\n\t<meta property=\"og:image:type\" content=\"image\/jpeg\" \/>\n<meta name=\"twitter:card\" content=\"summary_large_image\" \/>\n<meta name=\"twitter:label1\" content=\"Tiempo de lectura\" \/>\n\t<meta name=\"twitter:data1\" content=\"1 minuto\" \/>\n<script type=\"application\/ld+json\" class=\"yoast-schema-graph\">{\"@context\":\"https:\\\/\\\/schema.org\",\"@graph\":[{\"@type\":\"WebPage\",\"@id\":\"https:\\\/\\\/onurbegrup.com\\\/es\\\/propiedad\\\/onurbe-grup-atico-en-venta-la-nova-esquerra\\\/\",\"url\":\"https:\\\/\\\/onurbegrup.com\\\/es\\\/propiedad\\\/onurbe-grup-atico-en-venta-la-nova-esquerra\\\/\",\"name\":\"ONURBE GRUP | \u00c1TICO EN VENTA - LA NOVA ESQUERRA - On Urbe\",\"isPartOf\":{\"@id\":\"https:\\\/\\\/onurbegrup.com\\\/#website\"},\"primaryImageOfPage\":{\"@id\":\"https:\\\/\\\/onurbegrup.com\\\/es\\\/propiedad\\\/onurbe-grup-atico-en-venta-la-nova-esquerra\\\/#primaryimage\"},\"image\":{\"@id\":\"https:\\\/\\\/onurbegrup.com\\\/es\\\/propiedad\\\/onurbe-grup-atico-en-venta-la-nova-esquerra\\\/#primaryimage\"},\"thumbnailUrl\":\"https:\\\/\\\/onurbegrup.com\\\/wp-content\\\/uploads\\\/2026\\\/09\\\/28175794.jpg\",\"datePublished\":\"2026-09-02T08:03:56+00:00\",\"dateModified\":\"2026-09-02T08:42:19+00:00\",\"breadcrumb\":{\"@id\":\"https:\\\/\\\/onurbegrup.com\\\/es\\\/propiedad\\\/onurbe-grup-atico-en-venta-la-nova-esquerra\\\/#breadcrumb\"},\"inLanguage\":\"es\",\"potentialAction\":[{\"@type\":\"ReadAction\",\"target\":[\"https:\\\/\\\/onurbegrup.com\\\/es\\\/propiedad\\\/onurbe-grup-atico-en-venta-la-nova-esquerra\\\/\"]}]},{\"@type\":\"ImageObject\",\"inLanguage\":\"es\",\"@id\":\"https:\\\/\\\/onurbegrup.com\\\/es\\\/propiedad\\\/onurbe-grup-atico-en-venta-la-nova-esquerra\\\/#primaryimage\",\"url\":\"https:\\\/\\\/onurbegrup.com\\\/wp-content\\\/uploads\\\/2026\\\/09\\\/28175794.jpg\",\"contentUrl\":\"https:\\\/\\\/onurbegrup.com\\\/wp-content\\\/uploads\\\/2026\\\/09\\\/28175794.jpg\",\"width\":1500,\"height\":1125},{\"@type\":\"BreadcrumbList\",\"@id\":\"https:\\\/\\\/onurbegrup.com\\\/es\\\/propiedad\\\/onurbe-grup-atico-en-venta-la-nova-esquerra\\\/#breadcrumb\",\"itemListElement\":[{\"@type\":\"ListItem\",\"position\":1,\"name\":\"Home\",\"item\":\"https:\\\/\\\/onurbegrup.com\\\/es\\\/\"},{\"@type\":\"ListItem\",\"position\":2,\"name\":\"Propiedades\",\"item\":\"https:\\\/\\\/onurbegrup.com\\\/propiedades\\\/\"},{\"@type\":\"ListItem\",\"position\":3,\"name\":\"ONURBE GRUP | \u00c1TICO EN VENTA &#8211; LA&hellip;\"}]},{\"@type\":\"WebSite\",\"@id\":\"https:\\\/\\\/onurbegrup.com\\\/#website\",\"url\":\"https:\\\/\\\/onurbegrup.com\\\/\",\"name\":\"On Urbe\",\"description\":\"Grup immobiliari\",\"publisher\":{\"@id\":\"https:\\\/\\\/onurbegrup.com\\\/#organization\"},\"potentialAction\":[{\"@type\":\"SearchAction\",\"target\":{\"@type\":\"EntryPoint\",\"urlTemplate\":\"https:\\\/\\\/onurbegrup.com\\\/?s={search_term_string}\"},\"query-input\":{\"@type\":\"PropertyValueSpecification\",\"valueRequired\":true,\"valueName\":\"search_term_string\"}}],\"inLanguage\":\"es\"},{\"@type\":\"Organization\",\"@id\":\"https:\\\/\\\/onurbegrup.com\\\/#organization\",\"name\":\"On Urbe\",\"url\":\"https:\\\/\\\/onurbegrup.com\\\/\",\"logo\":{\"@type\":\"ImageObject\",\"inLanguage\":\"es\",\"@id\":\"https:\\\/\\\/onurbegrup.com\\\/#\\\/schema\\\/logo\\\/image\\\/\",\"url\":\"https:\\\/\\\/onurbegrup.com\\\/wp-content\\\/uploads\\\/2026\\\/06\\\/logo.png\",\"contentUrl\":\"https:\\\/\\\/onurbegrup.com\\\/wp-content\\\/uploads\\\/2026\\\/06\\\/logo.png\",\"width\":988,\"height\":241,\"caption\":\"On Urbe\"},\"image\":{\"@id\":\"https:\\\/\\\/onurbegrup.com\\\/#\\\/schema\\\/logo\\\/image\\\/\"}}]}<\/script>\n<!-- \/ Yoast SEO plugin. -->","yoast_head_json":{"title":"ONURBE GRUP | \u00c1TICO EN VENTA - LA NOVA ESQUERRA - On Urbe","robots":{"index":"index","follow":"follow","max-snippet":"max-snippet:-1","max-image-preview":"max-image-preview:large","max-video-preview":"max-video-preview:-1"},"canonical":"https:\/\/onurbegrup.com\/es\/propiedad\/onurbe-grup-atico-en-venta-la-nova-esquerra\/","og_locale":"es_ES","og_type":"article","og_title":"ONURBE GRUP | \u00c1TICO EN VENTA - LA NOVA ESQUERRA - On Urbe","og_description":"\u00a1Descubre tu nuevo hogar en el coraz\u00f3n de Barcelona! Te presentamos este espectacular \u00e1tico de 72 m\u00b2 \u00fatiles situado en una 8\u00aa planta con ascensor de una finca joven en perfecto estado en la Nova Esquerra de l&#8217;Eixample. El inmueble es totalmente exterior, destaca por su luminosidad gracias a su orientaci\u00f3n sureste. Los 79 m\u00b2&hellip;","og_url":"https:\/\/onurbegrup.com\/es\/propiedad\/onurbe-grup-atico-en-venta-la-nova-esquerra\/","og_site_name":"On Urbe","article_modified_time":"2026-09-02T08:42:19+00:00","og_image":[{"width":1500,"height":1125,"url":"https:\/\/onurbegrup.com\/wp-content\/uploads\/2026\/09\/28175794.jpg","type":"image\/jpeg"}],"twitter_card":"summary_large_image","twitter_misc":{"Tiempo de lectura":"1 minuto"},"schema":{"@context":"https:\/\/schema.org","@graph":[{"@type":"WebPage","@id":"https:\/\/onurbegrup.com\/es\/propiedad\/onurbe-grup-atico-en-venta-la-nova-esquerra\/","url":"https:\/\/onurbegrup.com\/es\/propiedad\/onurbe-grup-atico-en-venta-la-nova-esquerra\/","name":"ONURBE GRUP | \u00c1TICO EN VENTA - LA NOVA ESQUERRA - On Urbe","isPartOf":{"@id":"https:\/\/onurbegrup.com\/#website"},"primaryImageOfPage":{"@id":"https:\/\/onurbegrup.com\/es\/propiedad\/onurbe-grup-atico-en-venta-la-nova-esquerra\/#primaryimage"},"image":{"@id":"https:\/\/onurbegrup.com\/es\/propiedad\/onurbe-grup-atico-en-venta-la-nova-esquerra\/#primaryimage"},"thumbnailUrl":"https:\/\/onurbegrup.com\/wp-content\/uploads\/2026\/09\/28175794.jpg","datePublished":"2026-09-02T08:03:56+00:00","dateModified":"2026-09-02T08:42:19+00:00","breadcrumb":{"@id":"https:\/\/onurbegrup.com\/es\/propiedad\/onurbe-grup-atico-en-venta-la-nova-esquerra\/#breadcrumb"},"inLanguage":"es","potentialAction":[{"@type":"ReadAction","target":["https:\/\/onurbegrup.com\/es\/propiedad\/onurbe-grup-atico-en-venta-la-nova-esquerra\/"]}]},{"@type":"ImageObject","inLanguage":"es","@id":"https:\/\/onurbegrup.com\/es\/propiedad\/onurbe-grup-atico-en-venta-la-nova-esquerra\/#primaryimage","url":"https:\/\/onurbegrup.com\/wp-content\/uploads\/2026\/09\/28175794.jpg","contentUrl":"https:\/\/onurbegrup.com\/wp-content\/uploads\/2026\/09\/28175794.jpg","width":1500,"height":1125},{"@type":"BreadcrumbList","@id":"https:\/\/onurbegrup.com\/es\/propiedad\/onurbe-grup-atico-en-venta-la-nova-esquerra\/#breadcrumb","itemListElement":[{"@type":"ListItem","position":1,"name":"Home","item":"https:\/\/onurbegrup.com\/es\/"},{"@type":"ListItem","position":2,"name":"Propiedades","item":"https:\/\/onurbegrup.com\/propiedades\/"},{"@type":"ListItem","position":3,"name":"ONURBE GRUP | \u00c1TICO EN VENTA &#8211; LA&hellip;"}]},{"@type":"WebSite","@id":"https:\/\/onurbegrup.com\/#website","url":"https:\/\/onurbegrup.com\/","name":"On Urbe","description":"Grup immobiliari","publisher":{"@id":"https:\/\/onurbegrup.com\/#organization"},"potentialAction":[{"@type":"SearchAction","target":{"@type":"EntryPoint","urlTemplate":"https:\/\/onurbegrup.com\/?s={search_term_string}"},"query-input":{"@type":"PropertyValueSpecification","valueRequired":true,"valueName":"search_term_string"}}],"inLanguage":"es"},{"@type":"Organization","@id":"https:\/\/onurbegrup.com\/#organization","name":"On Urbe","url":"https:\/\/onurbegrup.com\/","logo":{"@type":"ImageObject","inLanguage":"es","@id":"https:\/\/onurbegrup.com\/#\/schema\/logo\/image\/","url":"https:\/\/onurbegrup.com\/wp-content\/uploads\/2026\/06\/logo.png","contentUrl":"https:\/\/onurbegrup.com\/wp-content\/uploads\/2026\/06\/logo.png","width":988,"height":241,"caption":"On Urbe"},"image":{"@id":"https:\/\/onurbegrup.com\/#\/schema\/logo\/image\/"}}]}},"_links":{"self":[{"href":"https:\/\/onurbegrup.com\/es\/wp-json\/wp\/v2\/propiedad\/9986","targetHints":{"allow":["GET"]}}],"collection":[{"href":"https:\/\/onurbegrup.com\/es\/wp-json\/wp\/v2\/propiedad"}],"about":[{"href":"https:\/\/onurbegrup.com\/es\/wp-json\/wp\/v2\/types\/propiedad"}],"wp:featuredmedia":[{"embeddable":true,"href":"https:\/\/onurbegrup.com\/es\/wp-json\/wp\/v2\/media\/9956"}],"wp:attachment":[{"href":"https:\/\/onurbegrup.com\/es\/wp-json\/wp\/v2\/media?parent=9986"}],"wp:term":[{"taxonomy":"operacion","embeddable":true,"href":"https:\/\/onurbegrup.com\/es\/wp-json\/wp\/v2\/operacion?post=9986"},{"taxonomy":"poblacion","embeddable":true,"href":"https:\/\/onurbegrup.com\/es\/wp-json\/wp\/v2\/poblacion?post=9986"},{"taxonomy":"subzona","embeddable":true,"href":"https:\/\/onurbegrup.com\/es\/wp-json\/wp\/v2\/subzona?post=9986"},{"taxonomy":"tipo-de-inmueble","embeddable":true,"href":"https:\/\/onurbegrup.com\/es\/wp-json\/wp\/v2\/tipo-de-inmueble?post=9986"},{"taxonomy":"zona","embeddable":true,"href":"https:\/\/onurbegrup.com\/es\/wp-json\/wp\/v2\/zona?post=9986"}],"curies":[{"name":"wp","href":"https:\/\/api.w.org\/{rel}","templated":true}]}}